{"id":825,"date":"2017-12-30T20:35:14","date_gmt":"2017-12-30T19:35:14","guid":{"rendered":"http:\/\/www.acr-fulda.de\/?page_id=825"},"modified":"2017-12-30T20:41:14","modified_gmt":"2017-12-30T19:41:14","slug":"lehrplan","status":"publish","type":"page","link":"https:\/\/www.acr-fulda.de\/?page_id=825","title":{"rendered":"Stundenplan"},"content":{"rendered":"<span id=\"tablepress-1-description\" class=\"tablepress-table-description tablepress-table-description-id-1\">Stundenplan des Theorielehrgangs f\u00fcr Segelflugzeugf\u00fchrer 2018 vom Aeroclub Rh\u00f6n e.V. Fulda<\/span>\n\n<table id=\"tablepress-1\" class=\"tablepress tablepress-id-1 tbody-has-connected-cells\" aria-describedby=\"tablepress-1-description\">\n<tbody class=\"row-striping row-hover\">\n<tr class=\"row-1\">\n\t<td class=\"column-1\"><\/td><td class=\"column-2\">Samstag, 06.01.2018<\/td><td class=\"column-3\">Sonntag, 07.01.2018<\/td><td class=\"column-4\">Samstag, 13.01.2018<\/td><td class=\"column-5\">Sonntag, 14.01.2018<\/td><td class=\"column-6\">Samstag, 27.01.2018<\/td><td class=\"column-7\">Sonntag, 28.01.2018<\/td><td class=\"column-8\">Samstag, 10.02.2018<\/td><td class=\"column-9\">Sonntag, 11.02.2018<\/td><td class=\"column-10\">Sonntag, 18.02.2018<\/td><td class=\"column-11\">Samstag, 10.03.2018<\/td><td class=\"column-12\">Sonntag, 11.03.2018<\/td><td class=\"column-13\">Samstag, 24.03.2018<\/td><td class=\"column-14\">Sonntag, 25.03.2018<\/td>\n<\/tr>\n<tr class=\"row-2\">\n\t<td class=\"column-1\">09:00 - 10:30 Uhr (2 UE)<\/td><td class=\"column-2\">GDF (BK)<\/td><td class=\"column-3\">ALF (BL)<\/td><td class=\"column-4\">NAV \/ FLFP (EK)<\/td><td class=\"column-5\">KOM \/ FLUFU (HR)<\/td><td class=\"column-6\">LTR (CK)<\/td><td class=\"column-7\">LTR (CK)<\/td><td class=\"column-8\">NAV \/ FLFP (EK)<\/td><td class=\"column-9\">NAV \/ FLFP (EK)<\/td><td class=\"column-10\">MET (WM)<\/td><td class=\"column-11\">KOM \/ FLUFU (HR)<\/td><td class=\"column-12\">KOM \/ FLUFU (HR)<\/td><td class=\"column-13\">KOM \/ FLUFU (HR)<\/td><td class=\"column-14\">KOM \/ FLUFU (HR)<\/td>\n<\/tr>\n<tr class=\"row-3\">\n\t<td class=\"column-1\">10:45 - 12:15 Uhr (2 UE)<\/td><td class=\"column-2\">GDF (BK)<\/td><td class=\"column-3\">ALF (BL)<\/td><td class=\"column-4\">NAV \/ FLFP (EK)<\/td><td class=\"column-5\">KOM \/ FLUFU (HR)<\/td><td class=\"column-6\">LTR (CK)<\/td><td class=\"column-7\">LTR (CK)<\/td><td class=\"column-8\">NAV \/ FLFP (EK)<\/td><td class=\"column-9\">NAV \/ FLFP (EK)<\/td><td class=\"column-10\">MET (WM)<\/td><td class=\"column-11\">KOM \/ FLUFU (HR)<\/td><td class=\"column-12\">KOM \/ FLUFU (HR)<\/td><td class=\"column-13\">KOM \/ FLUFU (HR)<\/td><td class=\"column-14\">KOM \/ FLUFU (HR)<\/td>\n<\/tr>\n<tr class=\"row-4\">\n\t<td class=\"column-1\">12:15 - 13:00 Uhr (45 min.)<\/td><td colspan=\"13\" class=\"column-2\"><strong>Mittagspause<\/strong> <br \/>\nMittagstisch der JHB: 5,- \u20ac, Anmeldung muss bis um 10.00 Uhr erfolgen!<\/td>\n<\/tr>\n<tr class=\"row-5\">\n\t<td class=\"column-1\">13:00 - 14:30 Uhr (2 UE)<\/td><td class=\"column-2\">GDF (BK)<\/td><td class=\"column-3\">ALF (BL)<\/td><td class=\"column-4\">NAV \/ FLFP (EK)<\/td><td class=\"column-5\">KOM \/ FLUFU (HR)<\/td><td class=\"column-6\">LTR (CK)<\/td><td class=\"column-7\">BEV (CK)<\/td><td class=\"column-8\">MET (WM)<\/td><td class=\"column-9\">NAV \/ FLFP (EK)<\/td><td class=\"column-10\">MET (WM)<\/td><td class=\"column-11\">KOM \/ FLUFU (HR)<\/td><td class=\"column-12\">KOM \/ FLUFU (HR)<\/td><td class=\"column-13\">KOM \/ FLUFU (HR)<\/td><td class=\"column-14\">KOM \/ FLUFU (HR)<\/td>\n<\/tr>\n<tr class=\"row-6\">\n\t<td class=\"column-1\">14:45 - 15:30 Uhr (1 UE)<\/td><td class=\"column-2\">GDF (BK)<\/td><td class=\"column-3\">ALF (BL)<\/td><td class=\"column-4\">NAV \/ FLFP (EK)<\/td><td class=\"column-5\">KOM \/ FLUFU (HR)<\/td><td class=\"column-6\">LTR (CK)<\/td><td class=\"column-7\">BEV (CK)<\/td><td class=\"column-8\">MET (WM)<\/td><td class=\"column-9\">NAV \/ FLFP (EK)<\/td><td class=\"column-10\">MET (WM)<\/td><td class=\"column-11\">KOM \/ FLUFU (HR)<\/td><td class=\"column-12\">KOM \/ FLUFU (HR)<\/td><td class=\"column-13\">KOM \/ FLUFU (HR)<\/td><td class=\"column-14\">KOM \/ FLUFU (HR)<\/td>\n<\/tr>\n<tr class=\"row-7\">\n\t<td class=\"column-1\">1 UE = 0,75 h (45 Min.)<\/td><td class=\"column-2\"><\/td><td class=\"column-3\"><\/td><td class=\"column-4\"><\/td><td class=\"column-5\"><\/td><td class=\"column-6\"><\/td><td class=\"column-7\"><\/td><td class=\"column-8\"><\/td><td class=\"column-9\"><\/td><td class=\"column-10\"><\/td><td class=\"column-11\"><\/td><td class=\"column-12\"><\/td><td class=\"column-13\"><\/td><td class=\"column-14\"><\/td>\n<\/tr>\n<tr class=\"row-8\">\n\t<td class=\"column-1\">Unterrichtsraum:<\/td><td class=\"column-2\">U-Raum 4<\/td><td class=\"column-3\">U-Raum 4<\/td><td class=\"column-4\">U-Raum 6<\/td><td class=\"column-5\">U-Raum 6<\/td><td class=\"column-6\">U-Raum 7<\/td><td class=\"column-7\">U-Raum 7<\/td><td class=\"column-8\">U-Raum 4<\/td><td class=\"column-9\">U-Raum 4<\/td><td class=\"column-10\">U-Raum 5<\/td><td class=\"column-11\">U-Raum 6<\/td><td class=\"column-12\">U-Raum 6<\/td><td class=\"column-13\">U-Raum 7<\/td><td class=\"column-14\">U-Raum 7<\/td>\n<\/tr>\n<\/tbody>\n<\/table>\n<!-- #tablepress-1 from cache -->\n<h2 id=\"tablepress-2-name\" class=\"tablepress-table-name tablepress-table-name-id-2\">Legende<\/h2>\n\n<table id=\"tablepress-2\" class=\"tablepress tablepress-id-2\" aria-labelledby=\"tablepress-2-name\">\n<tbody class=\"row-striping row-hover\">\n<tr class=\"row-1\">\n\t<td class=\"column-1\">Luftrecht<\/td><td class=\"column-2\">(LTR)<\/td><td class=\"column-3\">Navigation<\/td><td class=\"column-4\">(NAV)<\/td>\n<\/tr>\n<tr class=\"row-2\">\n\t<td class=\"column-1\">Menschliches Leistungsverm\u00f6gen<\/td><td class=\"column-2\">(MLV)<\/td><td class=\"column-3\">Flugleistung \/ Flugplanung<\/td><td class=\"column-4\">(FLFP)<\/td>\n<\/tr>\n<tr class=\"row-3\">\n\t<td class=\"column-1\">Betriebliche Verfahren<\/td><td class=\"column-2\">(BEV)<\/td><td class=\"column-3\">Grundlagen des Fliegens<\/td><td class=\"column-4\">(GDF)<\/td>\n<\/tr>\n<tr class=\"row-4\">\n\t<td class=\"column-1\">Meteorologie<\/td><td class=\"column-2\">(MET)<\/td><td class=\"column-3\">Allgemeine Luftfahrzeugkunde<\/td><td class=\"column-4\">(ALF)<\/td>\n<\/tr>\n<tr class=\"row-5\">\n\t<td class=\"column-1\">Kommunikation \/ Flugfunk<\/td><td class=\"column-2\">(KOM\/FLUFU)<\/td><td class=\"column-3\"><\/td><td class=\"column-4\"><\/td>\n<\/tr>\n<\/tbody>\n<\/table>\n<!-- #tablepress-2 from cache -->\n<h1>Kontakt mit dem Kurs-Team<\/h1>\n<p class=\"wpcf7-contact-form-not-found\"><strong>Fehler:<\/strong> Kontaktformular wurde nicht gefunden.<\/p>\n<p>Die Kontaktdaten zu den Fluglehrern entnehmt ihr bitte dem Anschreiben, das euch per eMail zugegangen ist.<\/p>\n<p><a href=\"http:\/\/www.acr-fulda.de\/?page_id=798\">Weitere Informationen<\/a><\/p>\n<p>&nbsp;<\/p>\n","protected":false},"excerpt":{"rendered":"<p>Kontakt mit dem Kurs-Team Die Kontaktdaten zu den Fluglehrern entnehmt ihr bitte dem Anschreiben, das euch per eMail zugegangen ist. Weitere Informationen &nbsp;<\/p>\n","protected":false},"author":1,"featured_media":803,"parent":798,"menu_order":0,"comment_status":"closed","ping_status":"closed","template":"","meta":{"_acf_changed":false,"wikipediapreview_detectlinks":true,"ngg_post_thumbnail":0,"_mc_calendar":[],"footnotes":""},"class_list":["post-825","page","type-page","status-publish","has-post-thumbnail","czr-hentry"],"acf":[],"yoast_head":"<!-- This site is optimized with the Yoast SEO plugin v26.6 - https:\/\/yoast.com\/wordpress\/plugins\/seo\/ -->\n<title>Stundenplan - Aeroclub Rh\u00f6n e.V. Fulda<\/title>\n<meta name=\"robots\" content=\"noindex, follow\" \/>\n<meta property=\"og:locale\" content=\"de_DE\" \/>\n<meta property=\"og:type\" content=\"article\" \/>\n<meta property=\"og:title\" content=\"Stundenplan - Aeroclub Rh\u00f6n e.V. Fulda\" \/>\n<meta property=\"og:description\" content=\"Kontakt mit dem Kurs-Team Die Kontaktdaten zu den Fluglehrern entnehmt ihr bitte dem Anschreiben, das euch per eMail zugegangen ist. Weitere Informationen &nbsp;\" \/>\n<meta property=\"og:url\" content=\"https:\/\/www.acr-fulda.de\/?page_id=825\" \/>\n<meta property=\"og:site_name\" content=\"Aeroclub Rh\u00f6n e.V. Fulda\" \/>\n<meta property=\"article:modified_time\" content=\"2017-12-30T19:41:14+00:00\" \/>\n<meta property=\"og:image\" content=\"https:\/\/www.acr-fulda.de\/wp-content\/uploads\/2017\/12\/IMG_0039.jpg\" \/>\n\t<meta property=\"og:image:width\" content=\"2048\" \/>\n\t<meta property=\"og:image:height\" content=\"1536\" \/>\n\t<meta property=\"og:image:type\" content=\"image\/jpeg\" \/>\n<meta name=\"twitter:card\" content=\"summary_large_image\" \/>\n<script type=\"application\/ld+json\" class=\"yoast-schema-graph\">{\"@context\":\"https:\/\/schema.org\",\"@graph\":[{\"@type\":\"WebPage\",\"@id\":\"https:\/\/www.acr-fulda.de\/?page_id=825\",\"url\":\"https:\/\/www.acr-fulda.de\/?page_id=825\",\"name\":\"Stundenplan - Aeroclub Rh\u00f6n e.V. Fulda\",\"isPartOf\":{\"@id\":\"https:\/\/www.acr-fulda.de\/#website\"},\"primaryImageOfPage\":{\"@id\":\"https:\/\/www.acr-fulda.de\/?page_id=825#primaryimage\"},\"image\":{\"@id\":\"https:\/\/www.acr-fulda.de\/?page_id=825#primaryimage\"},\"thumbnailUrl\":\"https:\/\/www.acr-fulda.de\/wp-content\/uploads\/2017\/12\/IMG_0039.jpg\",\"datePublished\":\"2017-12-30T19:35:14+00:00\",\"dateModified\":\"2017-12-30T19:41:14+00:00\",\"breadcrumb\":{\"@id\":\"https:\/\/www.acr-fulda.de\/?page_id=825#breadcrumb\"},\"inLanguage\":\"de\",\"potentialAction\":[{\"@type\":\"ReadAction\",\"target\":[\"https:\/\/www.acr-fulda.de\/?page_id=825\"]}]},{\"@type\":\"ImageObject\",\"inLanguage\":\"de\",\"@id\":\"https:\/\/www.acr-fulda.de\/?page_id=825#primaryimage\",\"url\":\"https:\/\/www.acr-fulda.de\/wp-content\/uploads\/2017\/12\/IMG_0039.jpg\",\"contentUrl\":\"https:\/\/www.acr-fulda.de\/wp-content\/uploads\/2017\/12\/IMG_0039.jpg\",\"width\":2048,\"height\":1536},{\"@type\":\"BreadcrumbList\",\"@id\":\"https:\/\/www.acr-fulda.de\/?page_id=825#breadcrumb\",\"itemListElement\":[{\"@type\":\"ListItem\",\"position\":1,\"name\":\"Startseite\",\"item\":\"https:\/\/www.acr-fulda.de\/\"},{\"@type\":\"ListItem\",\"position\":2,\"name\":\"Flugschule\",\"item\":\"https:\/\/www.acr-fulda.de\/?page_id=13\"},{\"@type\":\"ListItem\",\"position\":3,\"name\":\"Theorielehrgang f\u00fcr Segelflugzeugf\u00fchrer\",\"item\":\"https:\/\/www.acr-fulda.de\/?page_id=798\"},{\"@type\":\"ListItem\",\"position\":4,\"name\":\"Stundenplan\"}]},{\"@type\":\"WebSite\",\"@id\":\"https:\/\/www.acr-fulda.de\/#website\",\"url\":\"https:\/\/www.acr-fulda.de\/\",\"name\":\"Aeroclub Rh\u00f6n e.V. Fulda\",\"description\":\"Segelfliegen, Einf\u00fchrungsfl\u00fcge, Flugschule am  Stadtrand von Fulda\",\"publisher\":{\"@id\":\"https:\/\/www.acr-fulda.de\/#organization\"},\"potentialAction\":[{\"@type\":\"SearchAction\",\"target\":{\"@type\":\"EntryPoint\",\"urlTemplate\":\"https:\/\/www.acr-fulda.de\/?s={search_term_string}\"},\"query-input\":{\"@type\":\"PropertyValueSpecification\",\"valueRequired\":true,\"valueName\":\"search_term_string\"}}],\"inLanguage\":\"de\"},{\"@type\":\"Organization\",\"@id\":\"https:\/\/www.acr-fulda.de\/#organization\",\"name\":\"Aeroclub Rh\u00f6n e.V. Fulda\",\"url\":\"https:\/\/www.acr-fulda.de\/\",\"logo\":{\"@type\":\"ImageObject\",\"inLanguage\":\"de\",\"@id\":\"https:\/\/www.acr-fulda.de\/#\/schema\/logo\/image\/\",\"url\":\"https:\/\/i0.wp.com\/www.acr-fulda.de\/wp-content\/uploads\/2015\/11\/ACR-Logo_MASK-e1482574119922.png?fit=128%2C128&ssl=1\",\"contentUrl\":\"https:\/\/i0.wp.com\/www.acr-fulda.de\/wp-content\/uploads\/2015\/11\/ACR-Logo_MASK-e1482574119922.png?fit=128%2C128&ssl=1\",\"width\":128,\"height\":128,\"caption\":\"Aeroclub Rh\u00f6n e.V. Fulda\"},\"image\":{\"@id\":\"https:\/\/www.acr-fulda.de\/#\/schema\/logo\/image\/\"}}]}<\/script>\n<!-- \/ Yoast SEO plugin. -->","yoast_head_json":{"title":"Stundenplan - Aeroclub Rh\u00f6n e.V. Fulda","robots":{"index":"noindex","follow":"follow"},"og_locale":"de_DE","og_type":"article","og_title":"Stundenplan - Aeroclub Rh\u00f6n e.V. Fulda","og_description":"Kontakt mit dem Kurs-Team Die Kontaktdaten zu den Fluglehrern entnehmt ihr bitte dem Anschreiben, das euch per eMail zugegangen ist. Weitere Informationen &nbsp;","og_url":"https:\/\/www.acr-fulda.de\/?page_id=825","og_site_name":"Aeroclub Rh\u00f6n e.V. Fulda","article_modified_time":"2017-12-30T19:41:14+00:00","og_image":[{"width":2048,"height":1536,"url":"https:\/\/www.acr-fulda.de\/wp-content\/uploads\/2017\/12\/IMG_0039.jpg","type":"image\/jpeg"}],"twitter_card":"summary_large_image","schema":{"@context":"https:\/\/schema.org","@graph":[{"@type":"WebPage","@id":"https:\/\/www.acr-fulda.de\/?page_id=825","url":"https:\/\/www.acr-fulda.de\/?page_id=825","name":"Stundenplan - Aeroclub Rh\u00f6n e.V. Fulda","isPartOf":{"@id":"https:\/\/www.acr-fulda.de\/#website"},"primaryImageOfPage":{"@id":"https:\/\/www.acr-fulda.de\/?page_id=825#primaryimage"},"image":{"@id":"https:\/\/www.acr-fulda.de\/?page_id=825#primaryimage"},"thumbnailUrl":"https:\/\/www.acr-fulda.de\/wp-content\/uploads\/2017\/12\/IMG_0039.jpg","datePublished":"2017-12-30T19:35:14+00:00","dateModified":"2017-12-30T19:41:14+00:00","breadcrumb":{"@id":"https:\/\/www.acr-fulda.de\/?page_id=825#breadcrumb"},"inLanguage":"de","potentialAction":[{"@type":"ReadAction","target":["https:\/\/www.acr-fulda.de\/?page_id=825"]}]},{"@type":"ImageObject","inLanguage":"de","@id":"https:\/\/www.acr-fulda.de\/?page_id=825#primaryimage","url":"https:\/\/www.acr-fulda.de\/wp-content\/uploads\/2017\/12\/IMG_0039.jpg","contentUrl":"https:\/\/www.acr-fulda.de\/wp-content\/uploads\/2017\/12\/IMG_0039.jpg","width":2048,"height":1536},{"@type":"BreadcrumbList","@id":"https:\/\/www.acr-fulda.de\/?page_id=825#breadcrumb","itemListElement":[{"@type":"ListItem","position":1,"name":"Startseite","item":"https:\/\/www.acr-fulda.de\/"},{"@type":"ListItem","position":2,"name":"Flugschule","item":"https:\/\/www.acr-fulda.de\/?page_id=13"},{"@type":"ListItem","position":3,"name":"Theorielehrgang f\u00fcr Segelflugzeugf\u00fchrer","item":"https:\/\/www.acr-fulda.de\/?page_id=798"},{"@type":"ListItem","position":4,"name":"Stundenplan"}]},{"@type":"WebSite","@id":"https:\/\/www.acr-fulda.de\/#website","url":"https:\/\/www.acr-fulda.de\/","name":"Aeroclub Rh\u00f6n e.V. Fulda","description":"Segelfliegen, Einf\u00fchrungsfl\u00fcge, Flugschule am  Stadtrand von Fulda","publisher":{"@id":"https:\/\/www.acr-fulda.de\/#organization"},"potentialAction":[{"@type":"SearchAction","target":{"@type":"EntryPoint","urlTemplate":"https:\/\/www.acr-fulda.de\/?s={search_term_string}"},"query-input":{"@type":"PropertyValueSpecification","valueRequired":true,"valueName":"search_term_string"}}],"inLanguage":"de"},{"@type":"Organization","@id":"https:\/\/www.acr-fulda.de\/#organization","name":"Aeroclub Rh\u00f6n e.V. Fulda","url":"https:\/\/www.acr-fulda.de\/","logo":{"@type":"ImageObject","inLanguage":"de","@id":"https:\/\/www.acr-fulda.de\/#\/schema\/logo\/image\/","url":"https:\/\/i0.wp.com\/www.acr-fulda.de\/wp-content\/uploads\/2015\/11\/ACR-Logo_MASK-e1482574119922.png?fit=128%2C128&ssl=1","contentUrl":"https:\/\/i0.wp.com\/www.acr-fulda.de\/wp-content\/uploads\/2015\/11\/ACR-Logo_MASK-e1482574119922.png?fit=128%2C128&ssl=1","width":128,"height":128,"caption":"Aeroclub Rh\u00f6n e.V. Fulda"},"image":{"@id":"https:\/\/www.acr-fulda.de\/#\/schema\/logo\/image\/"}}]}},"_links":{"self":[{"href":"https:\/\/www.acr-fulda.de\/index.php?rest_route=\/wp\/v2\/pages\/825","targetHints":{"allow":["GET"]}}],"collection":[{"href":"https:\/\/www.acr-fulda.de\/index.php?rest_route=\/wp\/v2\/pages"}],"about":[{"href":"https:\/\/www.acr-fulda.de\/index.php?rest_route=\/wp\/v2\/types\/page"}],"author":[{"embeddable":true,"href":"https:\/\/www.acr-fulda.de\/index.php?rest_route=\/wp\/v2\/users\/1"}],"replies":[{"embeddable":true,"href":"https:\/\/www.acr-fulda.de\/index.php?rest_route=%2Fwp%2Fv2%2Fcomments&post=825"}],"version-history":[{"count":6,"href":"https:\/\/www.acr-fulda.de\/index.php?rest_route=\/wp\/v2\/pages\/825\/revisions"}],"predecessor-version":[{"id":840,"href":"https:\/\/www.acr-fulda.de\/index.php?rest_route=\/wp\/v2\/pages\/825\/revisions\/840"}],"up":[{"embeddable":true,"href":"https:\/\/www.acr-fulda.de\/index.php?rest_route=\/wp\/v2\/pages\/798"}],"wp:featuredmedia":[{"embeddable":true,"href":"https:\/\/www.acr-fulda.de\/index.php?rest_route=\/wp\/v2\/media\/803"}],"wp:attachment":[{"href":"https:\/\/www.acr-fulda.de\/index.php?rest_route=%2Fwp%2Fv2%2Fmedia&parent=825"}],"curies":[{"name":"wp","href":"https:\/\/api.w.org\/{rel}","templated":true}]}}