{"id":798,"date":"2017-12-27T17:43:46","date_gmt":"2017-12-27T16:43:46","guid":{"rendered":"http:\/\/www.acr-fulda.de\/?page_id=798"},"modified":"2017-12-30T20:39:49","modified_gmt":"2017-12-30T19:39:49","slug":"theorielehrgang-fuer-segelflugzeugfuehrer","status":"publish","type":"page","link":"https:\/\/www.acr-fulda.de\/?page_id=798","title":{"rendered":"Theorielehrgang f\u00fcr Segelflugzeugf\u00fchrer"},"content":{"rendered":"<p>Verehrte Fliegerfreunde,<\/p>\n<p>hiermit m\u00f6chten wir euch zur Durchf\u00fchrung eines Theorielehrgangs f\u00fcr Segelflugzeugf\u00fchrer&nbsp; herzlich einladen. Dieser Lehrgang deckt gleichzeitig den theoretischen und praktischen Teil f\u00fcr den Erwerb eines \u201eBeschr\u00e4nkt g\u00fcltigen Sprechfunkzeugnisses II f\u00fcr den Flugfunkdienst &#8211; BZF II\u201c ab. &nbsp; &nbsp;<\/p>\n<h1>Organisatorisches<\/h1>\n<p>Der Lehrgang wird im Zeitraum vom <b>06.01.2018 bis 25.03.2018<\/b> an insgesamt &#8211; 13 &#8211; Tagen in Seminarr\u00e4umen der Jugendherberge (JHB) Fulda durchgef\u00fchrt.<\/p>\n<p>Die Unterrichte werden von f\u00fcnf vereinsinternen Fluglehrern unseres Vereins sowie einem externen Referenten, Herrn Hartmut Roder (Fluglotse a. D.), durchgef\u00fchrt.<\/p>\n<p><strong>Details bez\u00fcglich der Terminierung bitte dem Terminkalender entnehmen.&nbsp;<\/strong><\/p>\n<h1>Kosten<\/h1>\n<p>Wie immer bieten wir den Lehrgang zum Selbstkostenpreis ohne Gewinnerzielungsabsicht an.&nbsp;Die Raummiete betr\u00e4gt ca. 400,- \u20ac und wird anteilig auf die Lehrgangsteilnehmer (acht in der Prognose) umgelegt. Wir rechnen mit einem Kostenanteil von ca. 50,- \u20ac je Teilnehmer.<\/p>\n<p>Dieser Betrag wird vom Ausbildungsleiter direkt am Samstag, 27.01.2017 in bar eingezogen.<\/p>\n<p>Die Lehrgangsgeb\u00fchr f\u00fcr den Teilbereich Kommunikation \/ Flugfunk betr\u00e4gt 200,- \u20ac.<\/p>\n<p>Diesen Betrag bitten wir bis sp\u00e4testens Freitag, 05.01.2018 an die in der seperat versendeten Einladung genannte Bankverbindung zu \u00fcberweisen.<\/p>\n<p>Sobald die Lehrgangsteilnehmer den Betrag \u00fcberwiesen haben, erhalten diese einen Link f\u00fcr die Schulungsunterlagen (Lehrbuch, Fragenkatalog, \u00dcbungstexte f\u00fcr BZF).<\/p>\n<h1>Unterrichtsmaterial<\/h1>\n<p>F\u00fcr die Unterrichtung und pers\u00f6nliche Pr\u00fcfungsvorbereitung empfehlen wir im Vorfeld die Anschaffung folgender Literatur und Utensilien:<\/p>\n<ol>\n<li>Winfried Kassera \u2013 Flug ohne Motor \u2013 \u201eDas Lehrbuch f\u00fcr Segelflieger\u201c \u2013 Motorbuch Verlag.<\/li>\n<li>Alternativ: Band 7 \u2013 Der Segelflugzeugf\u00fchrer, Aus- und Weiterbildung, Dieter Franzen.<\/li>\n<li>PPL &#8211; Pr\u00fcfungsfragenkatalog (ISBN \u2013 978 \u2013 3 \u2013 935220 \u2013 95 \u2013 80) f\u00fcr Segelflugzeugf\u00fchrer bzw. alternativ als PC &#8211; Trainingssoftware.<\/li>\n<li>Kursdreieck, Lineal (30 cm)<\/li>\n<li>Schreibzeug (Kugelschreiber, Bleistift, Radiergummi)<\/li>\n<\/ol>\n<p><img loading=\"lazy\" decoding=\"async\" class=\"aligncenter size-medium wp-image-803\" src=\"http:\/\/www.acr-fulda.de\/wp-content\/uploads\/2017\/12\/IMG_0039-800x600.jpg\" alt=\"\" width=\"800\" height=\"600\" srcset=\"https:\/\/www.acr-fulda.de\/wp-content\/uploads\/2017\/12\/IMG_0039-800x600.jpg 800w, https:\/\/www.acr-fulda.de\/wp-content\/uploads\/2017\/12\/IMG_0039-768x576.jpg 768w, https:\/\/www.acr-fulda.de\/wp-content\/uploads\/2017\/12\/IMG_0039.jpg 2048w\" sizes=\"auto, (max-width: 800px) 100vw, 800px\" \/><\/p>\n<p><b>Literatur &#8211; Erweiterung &#8211; nur bei besonderem Interesse:<\/b><\/p>\n<p>Dar\u00fcber hinaus empfehlen wir f\u00fcr die theoretische und praktische Weiterbildung zum Segelflugzeugf\u00fchrer \/ <b>Motorseglerpiloten&nbsp;<\/b> (TMG \u2013 Touring Motor Glider):<\/p>\n<h2>Band 1 bis 9 &#8211; \u201eDer Privatflugzeugf\u00fchrer\u201c<\/h2>\n<p>Die Literatur bzw. Flieger &#8211; Utensilien k\u00f6nnen beispielsweise \u00fcber die Firmen:<\/p>\n<blockquote><p>\u00dclis Segelflugbedarf GmbH<\/p>\n<p>Untergasse 1<\/p>\n<p>D &#8211; 63688 Gedern<\/p>\n<p>Tel.: 06045 \/ 950100<\/p>\n<p>Email: <a href=\"mailto:info@segelflugbedarf24.de\">info@segelflugbedarf24.de<\/a><\/p>\n<p>Internet: shop.segelflugbedarf24.de<\/p><\/blockquote>\n<p><b>oder<\/b><\/p>\n<blockquote><p>R. Eisenschmidt GmbH<\/p>\n<p>Flugplatz 1<\/p>\n<p>D \u2013 63329 Egelsbach<\/p>\n<p>Tel.: 06103 \/ 20596 \u2013 0<\/p>\n<p>Email: <a href=\"mailto:info@eisenschmidt.de\">info@eisenschmidt.de<\/a><\/p>\n<p>Internet: <a href=\"http:\/\/www.eisenschmidt.de\">www.eisenschmidt.de<\/a><\/p><\/blockquote>\n<p>bestellt werden.<\/p>\n<p>Wir w\u00fcnschen euch einen kurzweiligen Lehrgang sowie im weiteren Verlauf eine erfolgreiche Pr\u00fcfung!<\/p>\n<h1>Stundenplan<\/h1>\n<p><a href=\"http:\/\/www.acr-fulda.de\/?page_id=825\">Stundenplan des Theorielehrgangs f\u00fcr Segelflugzeugf\u00fchrer 2018 vom Aeroclub Rh\u00f6n e.V. Fulda<\/a><\/p>\n<h1>Veranstaltungsort<\/h1>\n<p>Die Unterrichtseinheiten finden&nbsp;in Seminarr\u00e4umen der Jugendherberge (JHB) Fulda statt.&nbsp;<a href=\"http:\/\/www.fulda.jugendherberge.de\">Internetseite der Jugendherberge Fulda<\/a><\/p>\n<div id=\"attachment_795\" style=\"width: 1250px\" class=\"wp-caption aligncenter\"><img loading=\"lazy\" decoding=\"async\" aria-describedby=\"caption-attachment-795\" class=\"size-full wp-image-795\" src=\"http:\/\/www.acr-fulda.de\/wp-content\/uploads\/2017\/12\/Jugendherberge-Fulda.jpeg\" alt=\"Jugendherberge\" width=\"1240\" height=\"700\" srcset=\"https:\/\/www.acr-fulda.de\/wp-content\/uploads\/2017\/12\/Jugendherberge-Fulda.jpeg 1240w, https:\/\/www.acr-fulda.de\/wp-content\/uploads\/2017\/12\/Jugendherberge-Fulda-800x452.jpeg 800w, https:\/\/www.acr-fulda.de\/wp-content\/uploads\/2017\/12\/Jugendherberge-Fulda-768x434.jpeg 768w\" sizes=\"auto, (max-width: 1240px) 100vw, 1240px\" \/><p id=\"caption-attachment-795\" class=\"wp-caption-text\">Die Teilnahme am Mittagstisch der JHB ist f\u00fcr einen Betrag von <b>5,- \u20ac<\/b> m\u00f6glich.&nbsp;<br \/>Die Anmeldung hierf\u00fcr muss bis um <b>10.00 Uhr<\/b> des <b>jeweiligen Tages<\/b> erfolgen.&nbsp;<br \/>Kaffee und sonstige Getr\u00e4nke sind im Servicebereich der Jugendherberge jederzeit erh\u00e4ltlich.<\/p><\/div>\n<h1>Kontakt aufnehmen<\/h1>\n<p>Im Prinzip k\u00f6nnen Last-Minute-Nachr\u00fccker noch kurzfristig einsteigen. Der ACR-Fulda gibt jedoch keine Garantie, da\u00df dann noch der volle Schulungsumfang f\u00fcr die Theorie-Pr\u00fcfung vermittelt werden kann. In jedem Fall ist bei Interesse vorab ein pers\u00f6nliches Abkl\u00e4rungsgespr\u00e4ch mit dem Ausbildungsleiter erforderlich.<\/p>\n<p class=\"wpcf7-contact-form-not-found\"><strong>Fehler:<\/strong> Kontaktformular wurde nicht gefunden.<\/p>\n","protected":false},"excerpt":{"rendered":"<p>Verehrte Fliegerfreunde, hiermit m\u00f6chten wir euch zur Durchf\u00fchrung eines Theorielehrgangs f\u00fcr Segelflugzeugf\u00fchrer&nbsp; herzlich einladen. Dieser Lehrgang deckt gleichzeitig den theoretischen und praktischen Teil f\u00fcr den Erwerb eines \u201eBeschr\u00e4nkt g\u00fcltigen Sprechfunkzeugnisses II f\u00fcr den Flugfunkdienst &#8211; BZF II\u201c ab. &nbsp; &nbsp; Organisatorisches Der Lehrgang wird im Zeitraum vom 06.01.2018 bis 25.03.2018 an insgesamt &#8211; 13 &#8211; [&hellip;]<\/p>\n","protected":false},"author":1,"featured_media":147,"parent":13,"menu_order":0,"comment_status":"closed","ping_status":"closed","template":"","meta":{"_acf_changed":false,"wikipediapreview_detectlinks":true,"ngg_post_thumbnail":0,"_mc_calendar":[],"footnotes":""},"class_list":["post-798","page","type-page","status-publish","has-post-thumbnail","czr-hentry"],"acf":[],"yoast_head":"<!-- This site is optimized with the Yoast SEO plugin v26.6 - https:\/\/yoast.com\/wordpress\/plugins\/seo\/ -->\n<title>Theorielehrgang f\u00fcr Segelflugzeugf\u00fchrer - Aeroclub Rh\u00f6n e.V. Fulda<\/title>\n<meta name=\"robots\" content=\"noindex, follow\" \/>\n<meta property=\"og:locale\" content=\"de_DE\" \/>\n<meta property=\"og:type\" content=\"article\" \/>\n<meta property=\"og:title\" content=\"Theorielehrgang f\u00fcr Segelflugzeugf\u00fchrer - Aeroclub Rh\u00f6n e.V. Fulda\" \/>\n<meta property=\"og:description\" content=\"Verehrte Fliegerfreunde, hiermit m\u00f6chten wir euch zur Durchf\u00fchrung eines Theorielehrgangs f\u00fcr Segelflugzeugf\u00fchrer&nbsp; herzlich einladen. Dieser Lehrgang deckt gleichzeitig den theoretischen und praktischen Teil f\u00fcr den Erwerb eines \u201eBeschr\u00e4nkt g\u00fcltigen Sprechfunkzeugnisses II f\u00fcr den Flugfunkdienst &#8211; BZF II\u201c ab. &nbsp; &nbsp; Organisatorisches Der Lehrgang wird im Zeitraum vom 06.01.2018 bis 25.03.2018 an insgesamt &#8211; 13 &#8211; [&hellip;]\" \/>\n<meta property=\"og:url\" content=\"https:\/\/www.acr-fulda.de\/?page_id=798\" \/>\n<meta property=\"og:site_name\" content=\"Aeroclub Rh\u00f6n e.V. Fulda\" \/>\n<meta property=\"article:modified_time\" content=\"2017-12-30T19:39:49+00:00\" \/>\n<meta property=\"og:image\" content=\"https:\/\/www.acr-fulda.de\/wp-content\/uploads\/2015\/05\/RA_Flugplatzimpressionen_00008.jpg\" \/>\n\t<meta property=\"og:image:width\" content=\"5472\" \/>\n\t<meta property=\"og:image:height\" content=\"3648\" \/>\n\t<meta property=\"og:image:type\" content=\"image\/jpeg\" \/>\n<meta name=\"twitter:card\" content=\"summary_large_image\" \/>\n<meta name=\"twitter:label1\" content=\"Gesch\u00e4tzte Lesezeit\" \/>\n\t<meta name=\"twitter:data1\" content=\"3\u00a0Minuten\" \/>\n<script type=\"application\/ld+json\" class=\"yoast-schema-graph\">{\"@context\":\"https:\/\/schema.org\",\"@graph\":[{\"@type\":\"WebPage\",\"@id\":\"https:\/\/www.acr-fulda.de\/?page_id=798\",\"url\":\"https:\/\/www.acr-fulda.de\/?page_id=798\",\"name\":\"Theorielehrgang f\u00fcr Segelflugzeugf\u00fchrer - Aeroclub Rh\u00f6n e.V. Fulda\",\"isPartOf\":{\"@id\":\"https:\/\/www.acr-fulda.de\/#website\"},\"primaryImageOfPage\":{\"@id\":\"https:\/\/www.acr-fulda.de\/?page_id=798#primaryimage\"},\"image\":{\"@id\":\"https:\/\/www.acr-fulda.de\/?page_id=798#primaryimage\"},\"thumbnailUrl\":\"https:\/\/www.acr-fulda.de\/wp-content\/uploads\/2015\/05\/RA_Flugplatzimpressionen_00008.jpg\",\"datePublished\":\"2017-12-27T16:43:46+00:00\",\"dateModified\":\"2017-12-30T19:39:49+00:00\",\"breadcrumb\":{\"@id\":\"https:\/\/www.acr-fulda.de\/?page_id=798#breadcrumb\"},\"inLanguage\":\"de\",\"potentialAction\":[{\"@type\":\"ReadAction\",\"target\":[\"https:\/\/www.acr-fulda.de\/?page_id=798\"]}]},{\"@type\":\"ImageObject\",\"inLanguage\":\"de\",\"@id\":\"https:\/\/www.acr-fulda.de\/?page_id=798#primaryimage\",\"url\":\"https:\/\/www.acr-fulda.de\/wp-content\/uploads\/2015\/05\/RA_Flugplatzimpressionen_00008.jpg\",\"contentUrl\":\"https:\/\/www.acr-fulda.de\/wp-content\/uploads\/2015\/05\/RA_Flugplatzimpressionen_00008.jpg\",\"width\":5472,\"height\":3648,\"caption\":\"Start zu einem kuzen \u00dcbungsflug\"},{\"@type\":\"BreadcrumbList\",\"@id\":\"https:\/\/www.acr-fulda.de\/?page_id=798#breadcrumb\",\"itemListElement\":[{\"@type\":\"ListItem\",\"position\":1,\"name\":\"Startseite\",\"item\":\"https:\/\/www.acr-fulda.de\/\"},{\"@type\":\"ListItem\",\"position\":2,\"name\":\"Flugschule\",\"item\":\"https:\/\/www.acr-fulda.de\/?page_id=13\"},{\"@type\":\"ListItem\",\"position\":3,\"name\":\"Theorielehrgang f\u00fcr Segelflugzeugf\u00fchrer\"}]},{\"@type\":\"WebSite\",\"@id\":\"https:\/\/www.acr-fulda.de\/#website\",\"url\":\"https:\/\/www.acr-fulda.de\/\",\"name\":\"Aeroclub Rh\u00f6n e.V. Fulda\",\"description\":\"Segelfliegen, Einf\u00fchrungsfl\u00fcge, Flugschule am  Stadtrand von Fulda\",\"publisher\":{\"@id\":\"https:\/\/www.acr-fulda.de\/#organization\"},\"potentialAction\":[{\"@type\":\"SearchAction\",\"target\":{\"@type\":\"EntryPoint\",\"urlTemplate\":\"https:\/\/www.acr-fulda.de\/?s={search_term_string}\"},\"query-input\":{\"@type\":\"PropertyValueSpecification\",\"valueRequired\":true,\"valueName\":\"search_term_string\"}}],\"inLanguage\":\"de\"},{\"@type\":\"Organization\",\"@id\":\"https:\/\/www.acr-fulda.de\/#organization\",\"name\":\"Aeroclub Rh\u00f6n e.V. Fulda\",\"url\":\"https:\/\/www.acr-fulda.de\/\",\"logo\":{\"@type\":\"ImageObject\",\"inLanguage\":\"de\",\"@id\":\"https:\/\/www.acr-fulda.de\/#\/schema\/logo\/image\/\",\"url\":\"https:\/\/i0.wp.com\/www.acr-fulda.de\/wp-content\/uploads\/2015\/11\/ACR-Logo_MASK-e1482574119922.png?fit=128%2C128&ssl=1\",\"contentUrl\":\"https:\/\/i0.wp.com\/www.acr-fulda.de\/wp-content\/uploads\/2015\/11\/ACR-Logo_MASK-e1482574119922.png?fit=128%2C128&ssl=1\",\"width\":128,\"height\":128,\"caption\":\"Aeroclub Rh\u00f6n e.V. Fulda\"},\"image\":{\"@id\":\"https:\/\/www.acr-fulda.de\/#\/schema\/logo\/image\/\"}}]}<\/script>\n<!-- \/ Yoast SEO plugin. -->","yoast_head_json":{"title":"Theorielehrgang f\u00fcr Segelflugzeugf\u00fchrer - Aeroclub Rh\u00f6n e.V. Fulda","robots":{"index":"noindex","follow":"follow"},"og_locale":"de_DE","og_type":"article","og_title":"Theorielehrgang f\u00fcr Segelflugzeugf\u00fchrer - Aeroclub Rh\u00f6n e.V. Fulda","og_description":"Verehrte Fliegerfreunde, hiermit m\u00f6chten wir euch zur Durchf\u00fchrung eines Theorielehrgangs f\u00fcr Segelflugzeugf\u00fchrer&nbsp; herzlich einladen. Dieser Lehrgang deckt gleichzeitig den theoretischen und praktischen Teil f\u00fcr den Erwerb eines \u201eBeschr\u00e4nkt g\u00fcltigen Sprechfunkzeugnisses II f\u00fcr den Flugfunkdienst &#8211; BZF II\u201c ab. &nbsp; &nbsp; Organisatorisches Der Lehrgang wird im Zeitraum vom 06.01.2018 bis 25.03.2018 an insgesamt &#8211; 13 &#8211; [&hellip;]","og_url":"https:\/\/www.acr-fulda.de\/?page_id=798","og_site_name":"Aeroclub Rh\u00f6n e.V. Fulda","article_modified_time":"2017-12-30T19:39:49+00:00","og_image":[{"width":5472,"height":3648,"url":"https:\/\/www.acr-fulda.de\/wp-content\/uploads\/2015\/05\/RA_Flugplatzimpressionen_00008.jpg","type":"image\/jpeg"}],"twitter_card":"summary_large_image","twitter_misc":{"Gesch\u00e4tzte Lesezeit":"3\u00a0Minuten"},"schema":{"@context":"https:\/\/schema.org","@graph":[{"@type":"WebPage","@id":"https:\/\/www.acr-fulda.de\/?page_id=798","url":"https:\/\/www.acr-fulda.de\/?page_id=798","name":"Theorielehrgang f\u00fcr Segelflugzeugf\u00fchrer - Aeroclub Rh\u00f6n e.V. Fulda","isPartOf":{"@id":"https:\/\/www.acr-fulda.de\/#website"},"primaryImageOfPage":{"@id":"https:\/\/www.acr-fulda.de\/?page_id=798#primaryimage"},"image":{"@id":"https:\/\/www.acr-fulda.de\/?page_id=798#primaryimage"},"thumbnailUrl":"https:\/\/www.acr-fulda.de\/wp-content\/uploads\/2015\/05\/RA_Flugplatzimpressionen_00008.jpg","datePublished":"2017-12-27T16:43:46+00:00","dateModified":"2017-12-30T19:39:49+00:00","breadcrumb":{"@id":"https:\/\/www.acr-fulda.de\/?page_id=798#breadcrumb"},"inLanguage":"de","potentialAction":[{"@type":"ReadAction","target":["https:\/\/www.acr-fulda.de\/?page_id=798"]}]},{"@type":"ImageObject","inLanguage":"de","@id":"https:\/\/www.acr-fulda.de\/?page_id=798#primaryimage","url":"https:\/\/www.acr-fulda.de\/wp-content\/uploads\/2015\/05\/RA_Flugplatzimpressionen_00008.jpg","contentUrl":"https:\/\/www.acr-fulda.de\/wp-content\/uploads\/2015\/05\/RA_Flugplatzimpressionen_00008.jpg","width":5472,"height":3648,"caption":"Start zu einem kuzen \u00dcbungsflug"},{"@type":"BreadcrumbList","@id":"https:\/\/www.acr-fulda.de\/?page_id=798#breadcrumb","itemListElement":[{"@type":"ListItem","position":1,"name":"Startseite","item":"https:\/\/www.acr-fulda.de\/"},{"@type":"ListItem","position":2,"name":"Flugschule","item":"https:\/\/www.acr-fulda.de\/?page_id=13"},{"@type":"ListItem","position":3,"name":"Theorielehrgang f\u00fcr Segelflugzeugf\u00fchrer"}]},{"@type":"WebSite","@id":"https:\/\/www.acr-fulda.de\/#website","url":"https:\/\/www.acr-fulda.de\/","name":"Aeroclub Rh\u00f6n e.V. Fulda","description":"Segelfliegen, Einf\u00fchrungsfl\u00fcge, Flugschule am  Stadtrand von Fulda","publisher":{"@id":"https:\/\/www.acr-fulda.de\/#organization"},"potentialAction":[{"@type":"SearchAction","target":{"@type":"EntryPoint","urlTemplate":"https:\/\/www.acr-fulda.de\/?s={search_term_string}"},"query-input":{"@type":"PropertyValueSpecification","valueRequired":true,"valueName":"search_term_string"}}],"inLanguage":"de"},{"@type":"Organization","@id":"https:\/\/www.acr-fulda.de\/#organization","name":"Aeroclub Rh\u00f6n e.V. Fulda","url":"https:\/\/www.acr-fulda.de\/","logo":{"@type":"ImageObject","inLanguage":"de","@id":"https:\/\/www.acr-fulda.de\/#\/schema\/logo\/image\/","url":"https:\/\/i0.wp.com\/www.acr-fulda.de\/wp-content\/uploads\/2015\/11\/ACR-Logo_MASK-e1482574119922.png?fit=128%2C128&ssl=1","contentUrl":"https:\/\/i0.wp.com\/www.acr-fulda.de\/wp-content\/uploads\/2015\/11\/ACR-Logo_MASK-e1482574119922.png?fit=128%2C128&ssl=1","width":128,"height":128,"caption":"Aeroclub Rh\u00f6n e.V. Fulda"},"image":{"@id":"https:\/\/www.acr-fulda.de\/#\/schema\/logo\/image\/"}}]}},"_links":{"self":[{"href":"https:\/\/www.acr-fulda.de\/index.php?rest_route=\/wp\/v2\/pages\/798","targetHints":{"allow":["GET"]}}],"collection":[{"href":"https:\/\/www.acr-fulda.de\/index.php?rest_route=\/wp\/v2\/pages"}],"about":[{"href":"https:\/\/www.acr-fulda.de\/index.php?rest_route=\/wp\/v2\/types\/page"}],"author":[{"embeddable":true,"href":"https:\/\/www.acr-fulda.de\/index.php?rest_route=\/wp\/v2\/users\/1"}],"replies":[{"embeddable":true,"href":"https:\/\/www.acr-fulda.de\/index.php?rest_route=%2Fwp%2Fv2%2Fcomments&post=798"}],"version-history":[{"count":10,"href":"https:\/\/www.acr-fulda.de\/index.php?rest_route=\/wp\/v2\/pages\/798\/revisions"}],"predecessor-version":[{"id":839,"href":"https:\/\/www.acr-fulda.de\/index.php?rest_route=\/wp\/v2\/pages\/798\/revisions\/839"}],"up":[{"embeddable":true,"href":"https:\/\/www.acr-fulda.de\/index.php?rest_route=\/wp\/v2\/pages\/13"}],"wp:featuredmedia":[{"embeddable":true,"href":"https:\/\/www.acr-fulda.de\/index.php?rest_route=\/wp\/v2\/media\/147"}],"wp:attachment":[{"href":"https:\/\/www.acr-fulda.de\/index.php?rest_route=%2Fwp%2Fv2%2Fmedia&parent=798"}],"curies":[{"name":"wp","href":"https:\/\/api.w.org\/{rel}","templated":true}]}}