{"id":7,"date":"2015-04-16T23:04:33","date_gmt":"2015-04-16T21:04:33","guid":{"rendered":"http:\/\/www.acr-fulda.de\/?page_id=7"},"modified":"2024-08-18T17:18:16","modified_gmt":"2024-08-18T15:18:16","slug":"ueber-uns","status":"publish","type":"page","link":"https:\/\/www.acr-fulda.de\/?page_id=7","title":{"rendered":"\u00dcber uns"},"content":{"rendered":"<h2>&nbsp;<\/h2>\n<p>ngg_shortcode_0_placeholderIm Jahre 1950 wurde der Aero-Club Rh\u00f6n e. V. Fulda gegr\u00fcndet. Anfangs war noch kein eigenes Fluggel\u00e4nde vorhanden, so dass auf diversen Flugpl\u00e4tzen (das Material war im gesamten Stadtgebiet untergebracht) geflogen werden mu\u00dfte, ehe der Verein 1955 seinen Sitz in der Johannisau am westlichen Stadtrand von Fulda fand. F\u00fcr kurze Zeit war auch der ehemalige Mitit\u00e4rflugplatz in Sickels Heimat des Vereins.Nachdem das Fluggel\u00e4nde Johannisau mit amerikanischer Hilfe benutzbar gemacht wurde, begann in 1956 der Bau der Flugzeughalle, welche die Winde nebst Lepo (Flugplatz Fahrzeug) und vier Segelflugzeuge nebst Transporth\u00e4nger aufnehmen konnte.<\/p>\n<p>1968 wurde dann der erste Motorsegler, eine ASK 14, erworben. Es folgten im laufe der Jahre weitere Motorsegler Anschaffungen. Erw\u00e4hnenswert ist der Kauf einer ASK16 im Jahre 1976. Ein Flugzeug, was seiner Zeit sehr vorraus war und im Verein fast 25 Jahre Anerkennung fand.<\/p>\n<p>Im Jahre 1991 wurde dann mit einer ASW 24 E das erste Kunstoffsegelflugzeug erworben. 1992 folgte die Anschaffung eines Discus BM, 1998 die Anschaffung einer ASH 26 E. ASW28 und ASH 26 bilden heute das starke R\u00fcckgrad unser Segelflugzeugflotte.<\/p>\n<p>Im Jahr 2011 haben wir dann zur Verst\u00e4rkung des Segelflugzeug-Schlepps, sowie der Gast- und \u00dcberlandfl\u00fcge die Motorseglerflotte um einen zweiten Schleppfalken erg\u00e4nzt.<\/p>\n<p>Seit der Flugsaison 2013 dient eine in Poppenhausen bei der Firma Schleicher gefertigte ASK21 als Schulungsflugzeug.<\/p>\n<h2>Vereinshistorie<\/h2>\n<ul>\n<li style=\"font-weight: 400;\"><strong>1950<\/strong> Gr\u00fcndung als Aero-Club Rh\u00f6n Flugsportgruppe Fulda e.V.<\/li>\n<li style=\"font-weight: 400;\"><span style=\"font-family: 'Times New Roman', Times, serif;\"><strong>1952<\/strong> st\u00e4dtische F\u00f6rderung beim Ankauf eines Segelflugzeuges und einer Startwinde, Taufe Grunau Baby auf &#8222;Fuldaer Bub&#8220;<\/span><\/li>\n<li><strong>1958<\/strong> Hallenbau 1<\/li>\n<li style=\"font-weight: 400;\"><strong>1959. 1960 und 1961<\/strong> dreimaliger Gewinn und damit Besitz eines Wanderpokals<\/li>\n<li style=\"font-weight: 400;\"><span style=\"font-family: 'Times New Roman', Times, serif;\"><strong>1968<\/strong> Erweiterung der Platzgenehmigung auf Motorsegler<\/span><\/li>\n<li><strong>1968-1969<\/strong> <span style=\"font-family: 'Times New Roman', Times, serif;\">Umstellung auf Motorsegler<\/span><\/li>\n<li><span style=\"font-family: 'Times New Roman', Times, serif;\"><strong>1970<\/strong> Streckenweltrekord durch Ernst Kl\u00fch auf <a href=\"https:\/\/de.wikipedia.org\/wiki\/Schleicher_ASK_14\">Schleicher ASK 14<\/a><\/span><\/li>\n<li><span style=\"font-family: 'Times New Roman', Times, serif;\"><strong>1976<\/strong> Taufe der <a href=\"https:\/\/de.wikipedia.org\/wiki\/Schleicher_ASK_16\">Schleicher ASK 16<\/a> auf &#8222;Stadt Fulda&#8220; und <a href=\"https:\/\/de.wikipedia.org\/wiki\/Scheibe_SF_25#SF_25_E\">Scheibe SF25 E<\/a> auf &#8222;Kreis Fulda&#8220;<\/span><\/li>\n<li><strong>1987<\/strong> Vizeeuropameisterschaft Motorsegler in Burg Feuerstein durch Ludwig K\u00fcmmel und Rudi Stupp<\/li>\n<li><span style=\"font-family: 'Times New Roman', Times, serif;\"><strong>1991<\/strong> Kauf des ersten GFK-Seglers ASW24E, Beginn des Kunststoffzeitalters im ACR<\/span><\/li>\n<li><span style=\"font-family: 'Times New Roman', Times, serif;\"><strong>1999<\/strong> Wiedereinf\u00fchrung des reinen Segelflugs aufgrund der Europ\u00e4isierung der Flugausbildung<\/span><\/li>\n<li><span style=\"font-family: 'Times New Roman', Times, serif;\"><strong>2003<\/strong> Erweiterung der Platzgenehmigung um F-Schlepp mit TMG<\/span><\/li>\n<li><span style=\"font-family: 'Times New Roman', Times, serif;\"><strong>2008<\/strong> Taufe der <a href=\"https:\/\/de.wikipedia.org\/wiki\/Schleicher_ASW_28\">Schleicher ASW28E-18<\/a> auf Stadt Fulda<\/span><\/li>\n<li><strong>2013<\/strong> Anschaffung einer <a href=\"https:\/\/de.wikipedia.org\/wiki\/Schleicher_ASK_21\">Schleicher ASK 21<\/a><\/li>\n<li><span style=\"font-family: 'Times New Roman', Times, serif;\"><strong>2014<\/strong> Bau eines Beschleunigungsstreifens f\u00fcr den Flugzeugschlepp mit TMG<\/span><\/li>\n<li><span style=\"font-family: 'Times New Roman', Times, serif;\"><strong>2021<\/strong> Hallenbau 2<\/span><\/li>\n<li><strong style=\"font-family: 'Times New Roman', Times, serif;\">2023<\/strong><span style=\"font-family: Times New Roman, Times, serif;\"> Ausweich-Flugbetrieb am Pl\u00e4tzer\/H\u00fcnfeld und in Lauterbach wegen der hessischen Landesgartenschau 2.023 im Bereich des Fluggel\u00e4ndes<\/span><\/li>\n<li><span style=\"font-family: 'Times New Roman', Times, serif;\"><strong>2024<\/strong> Erweiterung der Platzgenehmigung auf dreiachsgesteuerte Luftsportger\u00e4te.<\/span><\/li>\n<\/ul>\n<h2>Interesse ?<\/h2>\n\n<div class=\"wpcf7 no-js\" id=\"wpcf7-f1132-o1\" lang=\"de-DE\" dir=\"ltr\" data-wpcf7-id=\"1132\">\n<div class=\"screen-reader-response\"><p role=\"status\" aria-live=\"polite\" aria-atomic=\"true\"><\/p> <ul><\/ul><\/div>\n<form action=\"\/index.php?rest_route=%2Fwp%2Fv2%2Fpages%2F7#wpcf7-f1132-o1\" method=\"post\" class=\"wpcf7-form init\" aria-label=\"Kontaktformular\" novalidate=\"novalidate\" data-status=\"init\">\n<fieldset class=\"hidden-fields-container\"><input type=\"hidden\" name=\"_wpcf7\" value=\"1132\" \/><input type=\"hidden\" name=\"_wpcf7_version\" value=\"6.1.4\" \/><input type=\"hidden\" name=\"_wpcf7_locale\" value=\"de_DE\" \/><input type=\"hidden\" name=\"_wpcf7_unit_tag\" value=\"wpcf7-f1132-o1\" \/><input type=\"hidden\" name=\"_wpcf7_container_post\" value=\"0\" \/><input type=\"hidden\" name=\"_wpcf7_posted_data_hash\" value=\"\" \/><input type=\"hidden\" name=\"_wpcf7_recaptcha_response\" value=\"\" \/>\n<\/fieldset>\n<p><label> Dein Name<br \/>\n<span class=\"wpcf7-form-control-wrap\" data-name=\"your-name\"><input size=\"40\" maxlength=\"400\" class=\"wpcf7-form-control wpcf7-text wpcf7-validates-as-required\" aria-required=\"true\" aria-invalid=\"false\" value=\"\" type=\"text\" name=\"your-name\" \/><\/span> <\/label>\n<\/p>\n<p><label> Deine E-Mail-Adresse<br \/>\n<span class=\"wpcf7-form-control-wrap\" data-name=\"your-email\"><input size=\"40\" maxlength=\"400\" class=\"wpcf7-form-control wpcf7-email wpcf7-validates-as-required wpcf7-text wpcf7-validates-as-email\" aria-required=\"true\" aria-invalid=\"false\" value=\"\" type=\"email\" name=\"your-email\" \/><\/span> <\/label>\n<\/p>\n<p>Ich interessiere mich prim\u00e4r f\u00fcr die Ausbildung zum<br \/>\n<span class=\"wpcf7-form-control-wrap\" data-name=\"radio-647\"><span class=\"wpcf7-form-control wpcf7-radio\"><span class=\"wpcf7-list-item first\"><label><input type=\"radio\" name=\"radio-647\" value=\"Segelflug-Pilot\" checked=\"checked\" \/><span class=\"wpcf7-list-item-label\">Segelflug-Pilot<\/span><\/label><\/span><span class=\"wpcf7-list-item last\"><label><input type=\"radio\" name=\"radio-647\" value=\"Motorsegler-Pilot\" \/><span class=\"wpcf7-list-item-label\">Motorsegler-Pilot<\/span><\/label><\/span><\/span><\/span>\n<\/p>\n<p>Alter<br \/>\n<span class=\"wpcf7-form-control-wrap\" data-name=\"radio-713\"><span class=\"wpcf7-form-control wpcf7-radio\"><span class=\"wpcf7-list-item first\"><label><input type=\"radio\" name=\"radio-713\" value=\"Unter 18\" checked=\"checked\" \/><span class=\"wpcf7-list-item-label\">Unter 18<\/span><\/label><\/span><span class=\"wpcf7-list-item last\"><label><input type=\"radio\" name=\"radio-713\" value=\"Vollj\u00e4hrig\" \/><span class=\"wpcf7-list-item-label\">Vollj\u00e4hrig<\/span><\/label><\/span><\/span><\/span>\n<\/p>\n<p><label> Betreff<br \/>\n<span class=\"wpcf7-form-control-wrap\" data-name=\"your-subject\"><input size=\"40\" maxlength=\"400\" class=\"wpcf7-form-control wpcf7-text wpcf7-validates-as-required\" aria-required=\"true\" aria-invalid=\"false\" value=\"Anfrage wegen Pilotenausbildung\" type=\"text\" name=\"your-subject\" \/><\/span> <\/label>\n<\/p>\n<p><label> Deine Nachricht (optional - Erz\u00e4hl uns was von Dir!)<br \/>\n<span class=\"wpcf7-form-control-wrap\" data-name=\"your-message\"><textarea cols=\"40\" rows=\"10\" maxlength=\"2000\" class=\"wpcf7-form-control wpcf7-textarea\" aria-invalid=\"false\" name=\"your-message\"><\/textarea><\/span> <\/label>\n<\/p>\n<p><input class=\"wpcf7-form-control wpcf7-submit has-spinner\" type=\"submit\" value=\"Senden\" \/>\n<\/p><p style=\"display: none !important;\" class=\"akismet-fields-container\" data-prefix=\"_wpcf7_ak_\"><label>&#916;<textarea name=\"_wpcf7_ak_hp_textarea\" cols=\"45\" rows=\"8\" maxlength=\"100\"><\/textarea><\/label><input type=\"hidden\" id=\"ak_js_1\" name=\"_wpcf7_ak_js\" value=\"67\"\/><script>document.getElementById( \"ak_js_1\" ).setAttribute( \"value\", ( new Date() ).getTime() );<\/script><\/p><div class=\"wpcf7-response-output\" aria-hidden=\"true\"><\/div>\n<\/form>\n<\/div>\n\n","protected":false},"excerpt":{"rendered":"<p>&nbsp; Im Jahre 1950 wurde der Aero-Club Rh\u00f6n e. V. Fulda gegr\u00fcndet. Anfangs war noch kein eigenes Fluggel\u00e4nde vorhanden, so dass auf diversen Flugpl\u00e4tzen (das Material war im gesamten Stadtgebiet untergebracht) geflogen werden mu\u00dfte, ehe der Verein 1955 seinen Sitz in der Johannisau am westlichen Stadtrand von Fulda fand. F\u00fcr kurze Zeit war auch der [&hellip;]<\/p>\n","protected":false},"author":1,"featured_media":0,"parent":0,"menu_order":0,"comment_status":"open","ping_status":"open","template":"","meta":{"_acf_changed":false,"wikipediapreview_detectlinks":true,"ngg_post_thumbnail":0,"_mc_calendar":[],"footnotes":""},"class_list":["post-7","page","type-page","status-publish","czr-hentry"],"acf":[],"yoast_head":"<!-- This site is optimized with the Yoast SEO plugin v26.6 - https:\/\/yoast.com\/wordpress\/plugins\/seo\/ -->\n<title>\u00dcber uns - Aeroclub Rh\u00f6n e.V. Fulda<\/title>\n<meta name=\"robots\" content=\"noindex, follow\" \/>\n<meta property=\"og:locale\" content=\"de_DE\" \/>\n<meta property=\"og:type\" content=\"article\" \/>\n<meta property=\"og:title\" content=\"\u00dcber uns - Aeroclub Rh\u00f6n e.V. Fulda\" \/>\n<meta property=\"og:description\" content=\"&nbsp; Im Jahre 1950 wurde der Aero-Club Rh\u00f6n e. V. Fulda gegr\u00fcndet. Anfangs war noch kein eigenes Fluggel\u00e4nde vorhanden, so dass auf diversen Flugpl\u00e4tzen (das Material war im gesamten Stadtgebiet untergebracht) geflogen werden mu\u00dfte, ehe der Verein 1955 seinen Sitz in der Johannisau am westlichen Stadtrand von Fulda fand. F\u00fcr kurze Zeit war auch der [&hellip;]\" \/>\n<meta property=\"og:url\" content=\"https:\/\/www.acr-fulda.de\/?page_id=7\" \/>\n<meta property=\"og:site_name\" content=\"Aeroclub Rh\u00f6n e.V. Fulda\" \/>\n<meta property=\"article:modified_time\" content=\"2024-08-18T15:18:16+00:00\" \/>\n<meta name=\"twitter:card\" content=\"summary_large_image\" \/>\n<meta name=\"twitter:label1\" content=\"Gesch\u00e4tzte Lesezeit\" \/>\n\t<meta name=\"twitter:data1\" content=\"3\u00a0Minuten\" \/>\n<script type=\"application\/ld+json\" class=\"yoast-schema-graph\">{\"@context\":\"https:\/\/schema.org\",\"@graph\":[{\"@type\":\"WebPage\",\"@id\":\"https:\/\/www.acr-fulda.de\/?page_id=7\",\"url\":\"https:\/\/www.acr-fulda.de\/?page_id=7\",\"name\":\"\u00dcber uns - Aeroclub Rh\u00f6n e.V. Fulda\",\"isPartOf\":{\"@id\":\"https:\/\/www.acr-fulda.de\/#website\"},\"datePublished\":\"2015-04-16T21:04:33+00:00\",\"dateModified\":\"2024-08-18T15:18:16+00:00\",\"breadcrumb\":{\"@id\":\"https:\/\/www.acr-fulda.de\/?page_id=7#breadcrumb\"},\"inLanguage\":\"de\",\"potentialAction\":[{\"@type\":\"ReadAction\",\"target\":[\"https:\/\/www.acr-fulda.de\/?page_id=7\"]}]},{\"@type\":\"BreadcrumbList\",\"@id\":\"https:\/\/www.acr-fulda.de\/?page_id=7#breadcrumb\",\"itemListElement\":[{\"@type\":\"ListItem\",\"position\":1,\"name\":\"Startseite\",\"item\":\"https:\/\/www.acr-fulda.de\/\"},{\"@type\":\"ListItem\",\"position\":2,\"name\":\"\u00dcber uns\"}]},{\"@type\":\"WebSite\",\"@id\":\"https:\/\/www.acr-fulda.de\/#website\",\"url\":\"https:\/\/www.acr-fulda.de\/\",\"name\":\"Aeroclub Rh\u00f6n e.V. Fulda\",\"description\":\"Segelfliegen, Einf\u00fchrungsfl\u00fcge, Flugschule am  Stadtrand von Fulda\",\"publisher\":{\"@id\":\"https:\/\/www.acr-fulda.de\/#organization\"},\"potentialAction\":[{\"@type\":\"SearchAction\",\"target\":{\"@type\":\"EntryPoint\",\"urlTemplate\":\"https:\/\/www.acr-fulda.de\/?s={search_term_string}\"},\"query-input\":{\"@type\":\"PropertyValueSpecification\",\"valueRequired\":true,\"valueName\":\"search_term_string\"}}],\"inLanguage\":\"de\"},{\"@type\":\"Organization\",\"@id\":\"https:\/\/www.acr-fulda.de\/#organization\",\"name\":\"Aeroclub Rh\u00f6n e.V. Fulda\",\"url\":\"https:\/\/www.acr-fulda.de\/\",\"logo\":{\"@type\":\"ImageObject\",\"inLanguage\":\"de\",\"@id\":\"https:\/\/www.acr-fulda.de\/#\/schema\/logo\/image\/\",\"url\":\"https:\/\/i0.wp.com\/www.acr-fulda.de\/wp-content\/uploads\/2015\/11\/ACR-Logo_MASK-e1482574119922.png?fit=128%2C128&ssl=1\",\"contentUrl\":\"https:\/\/i0.wp.com\/www.acr-fulda.de\/wp-content\/uploads\/2015\/11\/ACR-Logo_MASK-e1482574119922.png?fit=128%2C128&ssl=1\",\"width\":128,\"height\":128,\"caption\":\"Aeroclub Rh\u00f6n e.V. Fulda\"},\"image\":{\"@id\":\"https:\/\/www.acr-fulda.de\/#\/schema\/logo\/image\/\"}}]}<\/script>\n<!-- \/ Yoast SEO plugin. -->","yoast_head_json":{"title":"\u00dcber uns - Aeroclub Rh\u00f6n e.V. Fulda","robots":{"index":"noindex","follow":"follow"},"og_locale":"de_DE","og_type":"article","og_title":"\u00dcber uns - Aeroclub Rh\u00f6n e.V. Fulda","og_description":"&nbsp; Im Jahre 1950 wurde der Aero-Club Rh\u00f6n e. V. Fulda gegr\u00fcndet. Anfangs war noch kein eigenes Fluggel\u00e4nde vorhanden, so dass auf diversen Flugpl\u00e4tzen (das Material war im gesamten Stadtgebiet untergebracht) geflogen werden mu\u00dfte, ehe der Verein 1955 seinen Sitz in der Johannisau am westlichen Stadtrand von Fulda fand. F\u00fcr kurze Zeit war auch der [&hellip;]","og_url":"https:\/\/www.acr-fulda.de\/?page_id=7","og_site_name":"Aeroclub Rh\u00f6n e.V. Fulda","article_modified_time":"2024-08-18T15:18:16+00:00","twitter_card":"summary_large_image","twitter_misc":{"Gesch\u00e4tzte Lesezeit":"3\u00a0Minuten"},"schema":{"@context":"https:\/\/schema.org","@graph":[{"@type":"WebPage","@id":"https:\/\/www.acr-fulda.de\/?page_id=7","url":"https:\/\/www.acr-fulda.de\/?page_id=7","name":"\u00dcber uns - Aeroclub Rh\u00f6n e.V. Fulda","isPartOf":{"@id":"https:\/\/www.acr-fulda.de\/#website"},"datePublished":"2015-04-16T21:04:33+00:00","dateModified":"2024-08-18T15:18:16+00:00","breadcrumb":{"@id":"https:\/\/www.acr-fulda.de\/?page_id=7#breadcrumb"},"inLanguage":"de","potentialAction":[{"@type":"ReadAction","target":["https:\/\/www.acr-fulda.de\/?page_id=7"]}]},{"@type":"BreadcrumbList","@id":"https:\/\/www.acr-fulda.de\/?page_id=7#breadcrumb","itemListElement":[{"@type":"ListItem","position":1,"name":"Startseite","item":"https:\/\/www.acr-fulda.de\/"},{"@type":"ListItem","position":2,"name":"\u00dcber uns"}]},{"@type":"WebSite","@id":"https:\/\/www.acr-fulda.de\/#website","url":"https:\/\/www.acr-fulda.de\/","name":"Aeroclub Rh\u00f6n e.V. Fulda","description":"Segelfliegen, Einf\u00fchrungsfl\u00fcge, Flugschule am  Stadtrand von Fulda","publisher":{"@id":"https:\/\/www.acr-fulda.de\/#organization"},"potentialAction":[{"@type":"SearchAction","target":{"@type":"EntryPoint","urlTemplate":"https:\/\/www.acr-fulda.de\/?s={search_term_string}"},"query-input":{"@type":"PropertyValueSpecification","valueRequired":true,"valueName":"search_term_string"}}],"inLanguage":"de"},{"@type":"Organization","@id":"https:\/\/www.acr-fulda.de\/#organization","name":"Aeroclub Rh\u00f6n e.V. Fulda","url":"https:\/\/www.acr-fulda.de\/","logo":{"@type":"ImageObject","inLanguage":"de","@id":"https:\/\/www.acr-fulda.de\/#\/schema\/logo\/image\/","url":"https:\/\/i0.wp.com\/www.acr-fulda.de\/wp-content\/uploads\/2015\/11\/ACR-Logo_MASK-e1482574119922.png?fit=128%2C128&ssl=1","contentUrl":"https:\/\/i0.wp.com\/www.acr-fulda.de\/wp-content\/uploads\/2015\/11\/ACR-Logo_MASK-e1482574119922.png?fit=128%2C128&ssl=1","width":128,"height":128,"caption":"Aeroclub Rh\u00f6n e.V. Fulda"},"image":{"@id":"https:\/\/www.acr-fulda.de\/#\/schema\/logo\/image\/"}}]}},"_links":{"self":[{"href":"https:\/\/www.acr-fulda.de\/index.php?rest_route=\/wp\/v2\/pages\/7","targetHints":{"allow":["GET"]}}],"collection":[{"href":"https:\/\/www.acr-fulda.de\/index.php?rest_route=\/wp\/v2\/pages"}],"about":[{"href":"https:\/\/www.acr-fulda.de\/index.php?rest_route=\/wp\/v2\/types\/page"}],"author":[{"embeddable":true,"href":"https:\/\/www.acr-fulda.de\/index.php?rest_route=\/wp\/v2\/users\/1"}],"replies":[{"embeddable":true,"href":"https:\/\/www.acr-fulda.de\/index.php?rest_route=%2Fwp%2Fv2%2Fcomments&post=7"}],"version-history":[{"count":11,"href":"https:\/\/www.acr-fulda.de\/index.php?rest_route=\/wp\/v2\/pages\/7\/revisions"}],"predecessor-version":[{"id":1507,"href":"https:\/\/www.acr-fulda.de\/index.php?rest_route=\/wp\/v2\/pages\/7\/revisions\/1507"}],"wp:attachment":[{"href":"https:\/\/www.acr-fulda.de\/index.php?rest_route=%2Fwp%2Fv2%2Fmedia&parent=7"}],"curies":[{"name":"wp","href":"https:\/\/api.w.org\/{rel}","templated":true}]}}