{"id":61,"date":"2015-04-26T13:57:55","date_gmt":"2015-04-26T11:57:55","guid":{"rendered":"http:\/\/www.acr-fulda.de\/?page_id=61"},"modified":"2025-02-07T22:01:21","modified_gmt":"2025-02-07T21:01:21","slug":"anflug-information","status":"publish","type":"page","link":"https:\/\/www.acr-fulda.de\/?page_id=61","title":{"rendered":"Anflug-Information"},"content":{"rendered":"<div class=\"page\" title=\"Page 1\">\n<div class=\"section\">\n<div class=\"layoutArea\">\n<div class=\"column\">\n<h1><span style=\"color: #80c080;\">Flugbetrieb im Segelfluggel\u00e4nde Fulda Johannisau<\/span><\/h1>\n<p class=\"p1\">Das Segelfluggel\u00e4nde ist gem. \u00a7 54 Abs. 1 und 2 LuftVZO zugelassen f\u00fcr<\/p>\n<ol>\n<li class=\"p1\">Segelflugzeuge<\/li>\n<li class=\"p1\">nichtselbststartende Motorsegler<\/li>\n<li class=\"p1\">selbststartende Motorsegler des Platzhalters<\/li>\n<li class=\"p1\">aerodynamisch gesteuerte Luftsportger\u00e4te<\/li>\n<\/ol>\n<p>Die Piste 23 verf\u00fcgt seit November 2016 \u00fcber einen Beschleunigungsstreifen. Siehe auch <a href=\"http:\/\/www.acr-fulda.de\/?p=336\">Beschleunigungsstreifen Piste 23<\/a><\/p>\n<h2>Segelfluggel\u00e4nde &#8222;Fulda Johannisau&#8220;<\/h2>\n<ul>\n<li>Lage: N 50.53638, E 9.66138<\/li>\n<li>Frequenz: <strong>125,385 MHz<\/strong>&nbsp;<\/li>\n<li>Ruf: JOHANNISAU RADIO<\/li>\n<li>H\u00f6he \u00fc. NN: 250 m<\/li>\n<li>Position: S\u00fcd-Platzrunde<\/li>\n<li>An-\/Abfl\u00fcge: vorzugsweise nach Westen (23), die \u201ePosition\u201c befindet sich \u00fcber den Schreberg\u00e4rten s\u00fcdlich des Platzes.<\/li>\n<\/ul>\n<p><strong><span style=\"color: #ff0000;\">\u00dcberfl\u00fcge von l\u00e4rmempfindlichen Gebieten, insbesondere von Ortschaften, sind m\u00f6glichst zu vermeiden.<\/span><\/strong><\/p>\n<hr>\n<h2>Fremde UL ben\u00f6tigen bei uns eine PPR-Anmeldung<\/h2>\n<p>In der Flugsaison (M\u00e4rz bis November) ist Samstags, Sonntags und hessischen gesetzlichen Feiertagen organisierter Flugbetrieb, ansonsten findet bei gutem Wetter oft auch spontaner Flugbetrieb statt.<\/p>\n<p>Kontakt \u00fcber Flugleiter-Telefon (0661-21155) oder E-Mail (info@acr-fulda.de)<\/p>\n<p>&nbsp;<\/p>\n<h2>Fremde TMG ben\u00f6tigen bei uns weiterhin eine Startgenehmigung vom RP-Kassel:<\/h2>\n<p>Verwaltungsentscheidungen zu Ausbildung, Pr\u00fcfung, Flugmedizin Luftrechtliche Angelegenheiten im Zusammenhang mit Ausbildungseinrichtungen, Luftfahrtunternehmen und Erlaubnissen nach \u00a7 25 LuftVG<\/p>\n<blockquote><p>Andrea S\u00fcsser<br \/>\nKassel \/ Steinweg 6<br \/>\nTel.: 05 61 \/ 106 &#8211; 16 91<br \/>\nZimmer: 122<br \/>\nFax: -16 41<br \/>\ne-mail: karin.vey@rpks.hessen.de<\/p><\/blockquote>\n<hr>\n<p>&nbsp;<\/p>\n<div id=\"attachment_67\" style=\"width: 410px\" class=\"wp-caption aligncenter\"><a href=\"http:\/\/www.acr-fulda.de\/wp-content\/uploads\/2015\/04\/Anflug_07.jpg\"><img loading=\"lazy\" decoding=\"async\" aria-describedby=\"caption-attachment-67\" class=\" wp-image-67\" src=\"http:\/\/www.acr-fulda.de\/wp-content\/uploads\/2015\/04\/Anflug_07-300x225.jpg\" alt=\"Piste 07\" width=\"400\" height=\"300\" srcset=\"https:\/\/acr-fulda.de\/wp-content\/uploads\/2015\/04\/Anflug_07-300x225.jpg 300w, https:\/\/acr-fulda.de\/wp-content\/uploads\/2015\/04\/Anflug_07.jpg 1024w\" sizes=\"auto, (max-width: 400px) 100vw, 400px\" \/><\/a><p id=\"caption-attachment-67\" class=\"wp-caption-text\">Anflug Landebahn 07 in der Johannisau<\/p><\/div>\n<div id=\"attachment_66\" style=\"width: 410px\" class=\"wp-caption aligncenter\"><a href=\"http:\/\/www.acr-fulda.de\/wp-content\/uploads\/2015\/04\/Anflug_23.jpg\"><img loading=\"lazy\" decoding=\"async\" aria-describedby=\"caption-attachment-66\" class=\" wp-image-66\" src=\"http:\/\/www.acr-fulda.de\/wp-content\/uploads\/2015\/04\/Anflug_23-300x225.jpg\" alt=\"Piste 23\" width=\"400\" height=\"300\" srcset=\"https:\/\/acr-fulda.de\/wp-content\/uploads\/2015\/04\/Anflug_23-300x225.jpg 300w, https:\/\/acr-fulda.de\/wp-content\/uploads\/2015\/04\/Anflug_23.jpg 1024w\" sizes=\"auto, (max-width: 400px) 100vw, 400px\" \/><\/a><p id=\"caption-attachment-66\" class=\"wp-caption-text\">Anflug Landebahn 23 in der Johannisau<\/p><\/div>\n<\/div>\n<\/div>\n<\/div>\n<\/div>\n","protected":false},"excerpt":{"rendered":"<p>Flugbetrieb im Segelfluggel\u00e4nde Fulda Johannisau Das Segelfluggel\u00e4nde ist gem. \u00a7 54 Abs. 1 und 2 LuftVZO zugelassen f\u00fcr Segelflugzeuge nichtselbststartende Motorsegler selbststartende Motorsegler des Platzhalters aerodynamisch gesteuerte Luftsportger\u00e4te Die Piste 23 verf\u00fcgt seit November 2016 \u00fcber einen Beschleunigungsstreifen. Siehe auch Beschleunigungsstreifen Piste 23 Segelfluggel\u00e4nde &#8222;Fulda Johannisau&#8220; Lage: N 50.53638, E 9.66138 Frequenz: 125,385 MHz&nbsp; Ruf: [&hellip;]<\/p>\n","protected":false},"author":1,"featured_media":0,"parent":0,"menu_order":0,"comment_status":"open","ping_status":"open","template":"","meta":{"_acf_changed":false,"wikipediapreview_detectlinks":true,"ngg_post_thumbnail":0,"_mc_calendar":[],"footnotes":""},"class_list":["post-61","page","type-page","status-publish","czr-hentry"],"acf":[],"yoast_head":"<!-- This site is optimized with the Yoast SEO plugin v26.6 - https:\/\/yoast.com\/wordpress\/plugins\/seo\/ -->\n<title>Anflug-Information - Aeroclub Rh\u00f6n e.V. Fulda<\/title>\n<meta name=\"robots\" content=\"noindex, follow\" \/>\n<meta property=\"og:locale\" content=\"de_DE\" \/>\n<meta property=\"og:type\" content=\"article\" \/>\n<meta property=\"og:title\" content=\"Anflug-Information - Aeroclub Rh\u00f6n e.V. Fulda\" \/>\n<meta property=\"og:description\" content=\"Flugbetrieb im Segelfluggel\u00e4nde Fulda Johannisau Das Segelfluggel\u00e4nde ist gem. \u00a7 54 Abs. 1 und 2 LuftVZO zugelassen f\u00fcr Segelflugzeuge nichtselbststartende Motorsegler selbststartende Motorsegler des Platzhalters aerodynamisch gesteuerte Luftsportger\u00e4te Die Piste 23 verf\u00fcgt seit November 2016 \u00fcber einen Beschleunigungsstreifen. Siehe auch Beschleunigungsstreifen Piste 23 Segelfluggel\u00e4nde &#8222;Fulda Johannisau&#8220; Lage: N 50.53638, E 9.66138 Frequenz: 125,385 MHz&nbsp; Ruf: [&hellip;]\" \/>\n<meta property=\"og:url\" content=\"https:\/\/www.acr-fulda.de\/?page_id=61\" \/>\n<meta property=\"og:site_name\" content=\"Aeroclub Rh\u00f6n e.V. Fulda\" \/>\n<meta property=\"article:modified_time\" content=\"2025-02-07T21:01:21+00:00\" \/>\n<meta property=\"og:image\" content=\"http:\/\/www.acr-fulda.de\/wp-content\/uploads\/2015\/04\/Anflug_07-300x225.jpg\" \/>\n<meta name=\"twitter:card\" content=\"summary_large_image\" \/>\n<meta name=\"twitter:label1\" content=\"Gesch\u00e4tzte Lesezeit\" \/>\n\t<meta name=\"twitter:data1\" content=\"2\u00a0Minuten\" \/>\n<script type=\"application\/ld+json\" class=\"yoast-schema-graph\">{\"@context\":\"https:\/\/schema.org\",\"@graph\":[{\"@type\":\"WebPage\",\"@id\":\"https:\/\/www.acr-fulda.de\/?page_id=61\",\"url\":\"https:\/\/www.acr-fulda.de\/?page_id=61\",\"name\":\"Anflug-Information - Aeroclub Rh\u00f6n e.V. Fulda\",\"isPartOf\":{\"@id\":\"https:\/\/www.acr-fulda.de\/#website\"},\"primaryImageOfPage\":{\"@id\":\"https:\/\/www.acr-fulda.de\/?page_id=61#primaryimage\"},\"image\":{\"@id\":\"https:\/\/www.acr-fulda.de\/?page_id=61#primaryimage\"},\"thumbnailUrl\":\"http:\/\/www.acr-fulda.de\/wp-content\/uploads\/2015\/04\/Anflug_07-300x225.jpg\",\"datePublished\":\"2015-04-26T11:57:55+00:00\",\"dateModified\":\"2025-02-07T21:01:21+00:00\",\"breadcrumb\":{\"@id\":\"https:\/\/www.acr-fulda.de\/?page_id=61#breadcrumb\"},\"inLanguage\":\"de\",\"potentialAction\":[{\"@type\":\"ReadAction\",\"target\":[\"https:\/\/www.acr-fulda.de\/?page_id=61\"]}]},{\"@type\":\"ImageObject\",\"inLanguage\":\"de\",\"@id\":\"https:\/\/www.acr-fulda.de\/?page_id=61#primaryimage\",\"url\":\"https:\/\/acr-fulda.de\/wp-content\/uploads\/2015\/04\/Anflug_07.jpg\",\"contentUrl\":\"https:\/\/acr-fulda.de\/wp-content\/uploads\/2015\/04\/Anflug_07.jpg\",\"width\":1024,\"height\":768,\"caption\":\"Anflug Landebahn 07 in der Johannisau\"},{\"@type\":\"BreadcrumbList\",\"@id\":\"https:\/\/www.acr-fulda.de\/?page_id=61#breadcrumb\",\"itemListElement\":[{\"@type\":\"ListItem\",\"position\":1,\"name\":\"Startseite\",\"item\":\"https:\/\/www.acr-fulda.de\/\"},{\"@type\":\"ListItem\",\"position\":2,\"name\":\"Anflug-Information\"}]},{\"@type\":\"WebSite\",\"@id\":\"https:\/\/www.acr-fulda.de\/#website\",\"url\":\"https:\/\/www.acr-fulda.de\/\",\"name\":\"Aeroclub Rh\u00f6n e.V. Fulda\",\"description\":\"Segelfliegen, Einf\u00fchrungsfl\u00fcge, Flugschule am  Stadtrand von Fulda\",\"publisher\":{\"@id\":\"https:\/\/www.acr-fulda.de\/#organization\"},\"potentialAction\":[{\"@type\":\"SearchAction\",\"target\":{\"@type\":\"EntryPoint\",\"urlTemplate\":\"https:\/\/www.acr-fulda.de\/?s={search_term_string}\"},\"query-input\":{\"@type\":\"PropertyValueSpecification\",\"valueRequired\":true,\"valueName\":\"search_term_string\"}}],\"inLanguage\":\"de\"},{\"@type\":\"Organization\",\"@id\":\"https:\/\/www.acr-fulda.de\/#organization\",\"name\":\"Aeroclub Rh\u00f6n e.V. Fulda\",\"url\":\"https:\/\/www.acr-fulda.de\/\",\"logo\":{\"@type\":\"ImageObject\",\"inLanguage\":\"de\",\"@id\":\"https:\/\/www.acr-fulda.de\/#\/schema\/logo\/image\/\",\"url\":\"https:\/\/i0.wp.com\/www.acr-fulda.de\/wp-content\/uploads\/2015\/11\/ACR-Logo_MASK-e1482574119922.png?fit=128%2C128&ssl=1\",\"contentUrl\":\"https:\/\/i0.wp.com\/www.acr-fulda.de\/wp-content\/uploads\/2015\/11\/ACR-Logo_MASK-e1482574119922.png?fit=128%2C128&ssl=1\",\"width\":128,\"height\":128,\"caption\":\"Aeroclub Rh\u00f6n e.V. Fulda\"},\"image\":{\"@id\":\"https:\/\/www.acr-fulda.de\/#\/schema\/logo\/image\/\"}}]}<\/script>\n<!-- \/ Yoast SEO plugin. -->","yoast_head_json":{"title":"Anflug-Information - Aeroclub Rh\u00f6n e.V. Fulda","robots":{"index":"noindex","follow":"follow"},"og_locale":"de_DE","og_type":"article","og_title":"Anflug-Information - Aeroclub Rh\u00f6n e.V. Fulda","og_description":"Flugbetrieb im Segelfluggel\u00e4nde Fulda Johannisau Das Segelfluggel\u00e4nde ist gem. \u00a7 54 Abs. 1 und 2 LuftVZO zugelassen f\u00fcr Segelflugzeuge nichtselbststartende Motorsegler selbststartende Motorsegler des Platzhalters aerodynamisch gesteuerte Luftsportger\u00e4te Die Piste 23 verf\u00fcgt seit November 2016 \u00fcber einen Beschleunigungsstreifen. Siehe auch Beschleunigungsstreifen Piste 23 Segelfluggel\u00e4nde &#8222;Fulda Johannisau&#8220; Lage: N 50.53638, E 9.66138 Frequenz: 125,385 MHz&nbsp; Ruf: [&hellip;]","og_url":"https:\/\/www.acr-fulda.de\/?page_id=61","og_site_name":"Aeroclub Rh\u00f6n e.V. Fulda","article_modified_time":"2025-02-07T21:01:21+00:00","og_image":[{"url":"http:\/\/www.acr-fulda.de\/wp-content\/uploads\/2015\/04\/Anflug_07-300x225.jpg","type":"","width":"","height":""}],"twitter_card":"summary_large_image","twitter_misc":{"Gesch\u00e4tzte Lesezeit":"2\u00a0Minuten"},"schema":{"@context":"https:\/\/schema.org","@graph":[{"@type":"WebPage","@id":"https:\/\/www.acr-fulda.de\/?page_id=61","url":"https:\/\/www.acr-fulda.de\/?page_id=61","name":"Anflug-Information - Aeroclub Rh\u00f6n e.V. Fulda","isPartOf":{"@id":"https:\/\/www.acr-fulda.de\/#website"},"primaryImageOfPage":{"@id":"https:\/\/www.acr-fulda.de\/?page_id=61#primaryimage"},"image":{"@id":"https:\/\/www.acr-fulda.de\/?page_id=61#primaryimage"},"thumbnailUrl":"http:\/\/www.acr-fulda.de\/wp-content\/uploads\/2015\/04\/Anflug_07-300x225.jpg","datePublished":"2015-04-26T11:57:55+00:00","dateModified":"2025-02-07T21:01:21+00:00","breadcrumb":{"@id":"https:\/\/www.acr-fulda.de\/?page_id=61#breadcrumb"},"inLanguage":"de","potentialAction":[{"@type":"ReadAction","target":["https:\/\/www.acr-fulda.de\/?page_id=61"]}]},{"@type":"ImageObject","inLanguage":"de","@id":"https:\/\/www.acr-fulda.de\/?page_id=61#primaryimage","url":"https:\/\/acr-fulda.de\/wp-content\/uploads\/2015\/04\/Anflug_07.jpg","contentUrl":"https:\/\/acr-fulda.de\/wp-content\/uploads\/2015\/04\/Anflug_07.jpg","width":1024,"height":768,"caption":"Anflug Landebahn 07 in der Johannisau"},{"@type":"BreadcrumbList","@id":"https:\/\/www.acr-fulda.de\/?page_id=61#breadcrumb","itemListElement":[{"@type":"ListItem","position":1,"name":"Startseite","item":"https:\/\/www.acr-fulda.de\/"},{"@type":"ListItem","position":2,"name":"Anflug-Information"}]},{"@type":"WebSite","@id":"https:\/\/www.acr-fulda.de\/#website","url":"https:\/\/www.acr-fulda.de\/","name":"Aeroclub Rh\u00f6n e.V. Fulda","description":"Segelfliegen, Einf\u00fchrungsfl\u00fcge, Flugschule am  Stadtrand von Fulda","publisher":{"@id":"https:\/\/www.acr-fulda.de\/#organization"},"potentialAction":[{"@type":"SearchAction","target":{"@type":"EntryPoint","urlTemplate":"https:\/\/www.acr-fulda.de\/?s={search_term_string}"},"query-input":{"@type":"PropertyValueSpecification","valueRequired":true,"valueName":"search_term_string"}}],"inLanguage":"de"},{"@type":"Organization","@id":"https:\/\/www.acr-fulda.de\/#organization","name":"Aeroclub Rh\u00f6n e.V. Fulda","url":"https:\/\/www.acr-fulda.de\/","logo":{"@type":"ImageObject","inLanguage":"de","@id":"https:\/\/www.acr-fulda.de\/#\/schema\/logo\/image\/","url":"https:\/\/i0.wp.com\/www.acr-fulda.de\/wp-content\/uploads\/2015\/11\/ACR-Logo_MASK-e1482574119922.png?fit=128%2C128&ssl=1","contentUrl":"https:\/\/i0.wp.com\/www.acr-fulda.de\/wp-content\/uploads\/2015\/11\/ACR-Logo_MASK-e1482574119922.png?fit=128%2C128&ssl=1","width":128,"height":128,"caption":"Aeroclub Rh\u00f6n e.V. Fulda"},"image":{"@id":"https:\/\/www.acr-fulda.de\/#\/schema\/logo\/image\/"}}]}},"_links":{"self":[{"href":"https:\/\/www.acr-fulda.de\/index.php?rest_route=\/wp\/v2\/pages\/61","targetHints":{"allow":["GET"]}}],"collection":[{"href":"https:\/\/www.acr-fulda.de\/index.php?rest_route=\/wp\/v2\/pages"}],"about":[{"href":"https:\/\/www.acr-fulda.de\/index.php?rest_route=\/wp\/v2\/types\/page"}],"author":[{"embeddable":true,"href":"https:\/\/www.acr-fulda.de\/index.php?rest_route=\/wp\/v2\/users\/1"}],"replies":[{"embeddable":true,"href":"https:\/\/www.acr-fulda.de\/index.php?rest_route=%2Fwp%2Fv2%2Fcomments&post=61"}],"version-history":[{"count":17,"href":"https:\/\/www.acr-fulda.de\/index.php?rest_route=\/wp\/v2\/pages\/61\/revisions"}],"predecessor-version":[{"id":1647,"href":"https:\/\/www.acr-fulda.de\/index.php?rest_route=\/wp\/v2\/pages\/61\/revisions\/1647"}],"wp:attachment":[{"href":"https:\/\/www.acr-fulda.de\/index.php?rest_route=%2Fwp%2Fv2%2Fmedia&parent=61"}],"curies":[{"name":"wp","href":"https:\/\/api.w.org\/{rel}","templated":true}]}}