{"id":535,"date":"2017-06-03T23:16:55","date_gmt":"2017-06-03T21:16:55","guid":{"rendered":"http:\/\/www.acr-fulda.de\/?page_id=535"},"modified":"2017-10-15T13:05:09","modified_gmt":"2017-10-15T11:05:09","slug":"avionik-flohmarkt","status":"publish","type":"page","link":"https:\/\/www.acr-fulda.de\/?page_id=535","title":{"rendered":"Avionik-Flohmarkt"},"content":{"rendered":"<h1>Flugzeug-Instrumente zu verkaufen<\/h1>\n<p>Wir haben im Fr\u00fchjahr 2017 unsere f\u00fcnf Flugzeuge, die noch mit 25kHz-Kanalabstand ausger\u00fcstet waren, mit neuen Funkger\u00e4ten mit 8,3 kHz Kanalabstand ausgestattet.<\/p>\n<p>Die ausgebauten Ger\u00e4te bieten wir hier an<\/p>\n<div class=\"col-md-6 segelsub grid_list\">\n<ul>\n<li><a class=\"category sub-category funkgerate-833khz\" href=\"http:\/\/www.acr-fulda.de\/?page_id=541\">Funkger\u00e4te (alt) 25kHz <\/a>(5)<\/li>\n<\/ul>\n<\/div>\n<div class=\"col-md-6 segelsub grid_list\">\n<p>Alle Ger\u00e4te haben bis zum Ausbau einwandfrei funktioniert.&nbsp;<\/p>\n<div class=\"col-md-6 segelsub grid_list\">Bei dieser Gelegenheit haben wir hier weitere Avionik-Instrumente aus unserer Werkstatt online gestellt, die zum Verkauf stehen: &nbsp; &nbsp;<\/div>\n<p>&nbsp;<\/p><\/div>\n<div>&nbsp;<\/div>\nngg_shortcode_0_placeholder\n<p>Grunds\u00e4tzlich gilt bzgl. des Zustandes der Ger\u00e4te: <em>&#8222;Der Verkauf erfolgt unter Ausschluss jeglicher Gew\u00e4hrleistung.&#8220;<\/em>&nbsp;<\/p>\n<p>Hier k\u00f6nnen Sie mit uns Kontakt aufnehmen:<\/p>\n<p class=\"wpcf7-contact-form-not-found\"><strong>Fehler:<\/strong> Kontaktformular wurde nicht gefunden.<\/p>\n<p>&nbsp;<\/p>\n","protected":false},"excerpt":{"rendered":"<p>Flugzeug-Instrumente zu verkaufen Wir haben im Fr\u00fchjahr 2017 unsere f\u00fcnf Flugzeuge, die noch mit 25kHz-Kanalabstand ausger\u00fcstet waren, mit neuen Funkger\u00e4ten mit 8,3 kHz Kanalabstand ausgestattet. Die ausgebauten Ger\u00e4te bieten wir hier an Funkger\u00e4te (alt) 25kHz (5) Alle Ger\u00e4te haben bis zum Ausbau einwandfrei funktioniert.&nbsp; Bei dieser Gelegenheit haben wir hier weitere Avionik-Instrumente aus unserer Werkstatt [&hellip;]<\/p>\n","protected":false},"author":1,"featured_media":0,"parent":0,"menu_order":0,"comment_status":"closed","ping_status":"closed","template":"","meta":{"_acf_changed":false,"wikipediapreview_detectlinks":true,"ngg_post_thumbnail":0,"_mc_calendar":[],"footnotes":""},"class_list":["post-535","page","type-page","status-publish","czr-hentry"],"acf":[],"yoast_head":"<!-- This site is optimized with the Yoast SEO plugin v26.6 - https:\/\/yoast.com\/wordpress\/plugins\/seo\/ -->\n<title>Avionik-Flohmarkt - Aeroclub Rh\u00f6n e.V. Fulda<\/title>\n<meta name=\"robots\" content=\"noindex, follow\" \/>\n<meta property=\"og:locale\" content=\"de_DE\" \/>\n<meta property=\"og:type\" content=\"article\" \/>\n<meta property=\"og:title\" content=\"Avionik-Flohmarkt - Aeroclub Rh\u00f6n e.V. Fulda\" \/>\n<meta property=\"og:description\" content=\"Flugzeug-Instrumente zu verkaufen Wir haben im Fr\u00fchjahr 2017 unsere f\u00fcnf Flugzeuge, die noch mit 25kHz-Kanalabstand ausger\u00fcstet waren, mit neuen Funkger\u00e4ten mit 8,3 kHz Kanalabstand ausgestattet. Die ausgebauten Ger\u00e4te bieten wir hier an Funkger\u00e4te (alt) 25kHz (5) Alle Ger\u00e4te haben bis zum Ausbau einwandfrei funktioniert.&nbsp; Bei dieser Gelegenheit haben wir hier weitere Avionik-Instrumente aus unserer Werkstatt [&hellip;]\" \/>\n<meta property=\"og:url\" content=\"https:\/\/www.acr-fulda.de\/?page_id=535\" \/>\n<meta property=\"og:site_name\" content=\"Aeroclub Rh\u00f6n e.V. Fulda\" \/>\n<meta property=\"article:modified_time\" content=\"2017-10-15T11:05:09+00:00\" \/>\n<meta name=\"twitter:card\" content=\"summary_large_image\" \/>\n<meta name=\"twitter:label1\" content=\"Gesch\u00e4tzte Lesezeit\" \/>\n\t<meta name=\"twitter:data1\" content=\"1\u00a0Minute\" \/>\n<script type=\"application\/ld+json\" class=\"yoast-schema-graph\">{\"@context\":\"https:\/\/schema.org\",\"@graph\":[{\"@type\":\"WebPage\",\"@id\":\"https:\/\/www.acr-fulda.de\/?page_id=535\",\"url\":\"https:\/\/www.acr-fulda.de\/?page_id=535\",\"name\":\"Avionik-Flohmarkt - Aeroclub Rh\u00f6n e.V. Fulda\",\"isPartOf\":{\"@id\":\"https:\/\/www.acr-fulda.de\/#website\"},\"datePublished\":\"2017-06-03T21:16:55+00:00\",\"dateModified\":\"2017-10-15T11:05:09+00:00\",\"breadcrumb\":{\"@id\":\"https:\/\/www.acr-fulda.de\/?page_id=535#breadcrumb\"},\"inLanguage\":\"de\",\"potentialAction\":[{\"@type\":\"ReadAction\",\"target\":[\"https:\/\/www.acr-fulda.de\/?page_id=535\"]}]},{\"@type\":\"BreadcrumbList\",\"@id\":\"https:\/\/www.acr-fulda.de\/?page_id=535#breadcrumb\",\"itemListElement\":[{\"@type\":\"ListItem\",\"position\":1,\"name\":\"Startseite\",\"item\":\"https:\/\/www.acr-fulda.de\/\"},{\"@type\":\"ListItem\",\"position\":2,\"name\":\"Avionik-Flohmarkt\"}]},{\"@type\":\"WebSite\",\"@id\":\"https:\/\/www.acr-fulda.de\/#website\",\"url\":\"https:\/\/www.acr-fulda.de\/\",\"name\":\"Aeroclub Rh\u00f6n e.V. Fulda\",\"description\":\"Segelfliegen, Einf\u00fchrungsfl\u00fcge, Flugschule am  Stadtrand von Fulda\",\"publisher\":{\"@id\":\"https:\/\/www.acr-fulda.de\/#organization\"},\"potentialAction\":[{\"@type\":\"SearchAction\",\"target\":{\"@type\":\"EntryPoint\",\"urlTemplate\":\"https:\/\/www.acr-fulda.de\/?s={search_term_string}\"},\"query-input\":{\"@type\":\"PropertyValueSpecification\",\"valueRequired\":true,\"valueName\":\"search_term_string\"}}],\"inLanguage\":\"de\"},{\"@type\":\"Organization\",\"@id\":\"https:\/\/www.acr-fulda.de\/#organization\",\"name\":\"Aeroclub Rh\u00f6n e.V. Fulda\",\"url\":\"https:\/\/www.acr-fulda.de\/\",\"logo\":{\"@type\":\"ImageObject\",\"inLanguage\":\"de\",\"@id\":\"https:\/\/www.acr-fulda.de\/#\/schema\/logo\/image\/\",\"url\":\"https:\/\/i0.wp.com\/www.acr-fulda.de\/wp-content\/uploads\/2015\/11\/ACR-Logo_MASK-e1482574119922.png?fit=128%2C128&ssl=1\",\"contentUrl\":\"https:\/\/i0.wp.com\/www.acr-fulda.de\/wp-content\/uploads\/2015\/11\/ACR-Logo_MASK-e1482574119922.png?fit=128%2C128&ssl=1\",\"width\":128,\"height\":128,\"caption\":\"Aeroclub Rh\u00f6n e.V. Fulda\"},\"image\":{\"@id\":\"https:\/\/www.acr-fulda.de\/#\/schema\/logo\/image\/\"}}]}<\/script>\n<!-- \/ Yoast SEO plugin. -->","yoast_head_json":{"title":"Avionik-Flohmarkt - Aeroclub Rh\u00f6n e.V. Fulda","robots":{"index":"noindex","follow":"follow"},"og_locale":"de_DE","og_type":"article","og_title":"Avionik-Flohmarkt - Aeroclub Rh\u00f6n e.V. Fulda","og_description":"Flugzeug-Instrumente zu verkaufen Wir haben im Fr\u00fchjahr 2017 unsere f\u00fcnf Flugzeuge, die noch mit 25kHz-Kanalabstand ausger\u00fcstet waren, mit neuen Funkger\u00e4ten mit 8,3 kHz Kanalabstand ausgestattet. Die ausgebauten Ger\u00e4te bieten wir hier an Funkger\u00e4te (alt) 25kHz (5) Alle Ger\u00e4te haben bis zum Ausbau einwandfrei funktioniert.&nbsp; Bei dieser Gelegenheit haben wir hier weitere Avionik-Instrumente aus unserer Werkstatt [&hellip;]","og_url":"https:\/\/www.acr-fulda.de\/?page_id=535","og_site_name":"Aeroclub Rh\u00f6n e.V. Fulda","article_modified_time":"2017-10-15T11:05:09+00:00","twitter_card":"summary_large_image","twitter_misc":{"Gesch\u00e4tzte Lesezeit":"1\u00a0Minute"},"schema":{"@context":"https:\/\/schema.org","@graph":[{"@type":"WebPage","@id":"https:\/\/www.acr-fulda.de\/?page_id=535","url":"https:\/\/www.acr-fulda.de\/?page_id=535","name":"Avionik-Flohmarkt - Aeroclub Rh\u00f6n e.V. Fulda","isPartOf":{"@id":"https:\/\/www.acr-fulda.de\/#website"},"datePublished":"2017-06-03T21:16:55+00:00","dateModified":"2017-10-15T11:05:09+00:00","breadcrumb":{"@id":"https:\/\/www.acr-fulda.de\/?page_id=535#breadcrumb"},"inLanguage":"de","potentialAction":[{"@type":"ReadAction","target":["https:\/\/www.acr-fulda.de\/?page_id=535"]}]},{"@type":"BreadcrumbList","@id":"https:\/\/www.acr-fulda.de\/?page_id=535#breadcrumb","itemListElement":[{"@type":"ListItem","position":1,"name":"Startseite","item":"https:\/\/www.acr-fulda.de\/"},{"@type":"ListItem","position":2,"name":"Avionik-Flohmarkt"}]},{"@type":"WebSite","@id":"https:\/\/www.acr-fulda.de\/#website","url":"https:\/\/www.acr-fulda.de\/","name":"Aeroclub Rh\u00f6n e.V. Fulda","description":"Segelfliegen, Einf\u00fchrungsfl\u00fcge, Flugschule am  Stadtrand von Fulda","publisher":{"@id":"https:\/\/www.acr-fulda.de\/#organization"},"potentialAction":[{"@type":"SearchAction","target":{"@type":"EntryPoint","urlTemplate":"https:\/\/www.acr-fulda.de\/?s={search_term_string}"},"query-input":{"@type":"PropertyValueSpecification","valueRequired":true,"valueName":"search_term_string"}}],"inLanguage":"de"},{"@type":"Organization","@id":"https:\/\/www.acr-fulda.de\/#organization","name":"Aeroclub Rh\u00f6n e.V. Fulda","url":"https:\/\/www.acr-fulda.de\/","logo":{"@type":"ImageObject","inLanguage":"de","@id":"https:\/\/www.acr-fulda.de\/#\/schema\/logo\/image\/","url":"https:\/\/i0.wp.com\/www.acr-fulda.de\/wp-content\/uploads\/2015\/11\/ACR-Logo_MASK-e1482574119922.png?fit=128%2C128&ssl=1","contentUrl":"https:\/\/i0.wp.com\/www.acr-fulda.de\/wp-content\/uploads\/2015\/11\/ACR-Logo_MASK-e1482574119922.png?fit=128%2C128&ssl=1","width":128,"height":128,"caption":"Aeroclub Rh\u00f6n e.V. Fulda"},"image":{"@id":"https:\/\/www.acr-fulda.de\/#\/schema\/logo\/image\/"}}]}},"_links":{"self":[{"href":"https:\/\/www.acr-fulda.de\/index.php?rest_route=\/wp\/v2\/pages\/535","targetHints":{"allow":["GET"]}}],"collection":[{"href":"https:\/\/www.acr-fulda.de\/index.php?rest_route=\/wp\/v2\/pages"}],"about":[{"href":"https:\/\/www.acr-fulda.de\/index.php?rest_route=\/wp\/v2\/types\/page"}],"author":[{"embeddable":true,"href":"https:\/\/www.acr-fulda.de\/index.php?rest_route=\/wp\/v2\/users\/1"}],"replies":[{"embeddable":true,"href":"https:\/\/www.acr-fulda.de\/index.php?rest_route=%2Fwp%2Fv2%2Fcomments&post=535"}],"version-history":[{"count":13,"href":"https:\/\/www.acr-fulda.de\/index.php?rest_route=\/wp\/v2\/pages\/535\/revisions"}],"predecessor-version":[{"id":780,"href":"https:\/\/www.acr-fulda.de\/index.php?rest_route=\/wp\/v2\/pages\/535\/revisions\/780"}],"wp:attachment":[{"href":"https:\/\/www.acr-fulda.de\/index.php?rest_route=%2Fwp%2Fv2%2Fmedia&parent=535"}],"curies":[{"name":"wp","href":"https:\/\/api.w.org\/{rel}","templated":true}]}}