{"id":39,"date":"2015-04-17T21:19:43","date_gmt":"2015-04-17T20:19:43","guid":{"rendered":"http:\/\/www.acr-fulda.de\/?page_id=39"},"modified":"2022-12-24T13:56:14","modified_gmt":"2022-12-24T12:56:14","slug":"segelflugausbildung","status":"publish","type":"page","link":"https:\/\/www.acr-fulda.de\/?page_id=39","title":{"rendered":"Segelflugausbildung"},"content":{"rendered":"<h1>Vom Fu\u00dfg\u00e4nger zum Segelflug-Piloten<\/h1>\n<p>Ab Anfang November haben wir unsere Winterpause. Die Flug-Saison beginnt&nbsp;in den ersten M\u00e4rzwochen, sofern das Wetter mitspielt. Aktuell haben wir eine sehr aktive Jugendgruppe von ca. 15 jungen Segelfliegern im Alter von 14-24 Jahren.<\/p>\n<h2>Aber man muss kein Jugendlicher sein, um den Flugschein zu erwerben &#8230;<\/h2>\n<p>&#8230; wenn der Traum zu Fliegen erwacht ist, ist man nie zu alt, etwas neues anzufangen. Die Ausbildungs-Aktivit\u00e4ten und der organisierte Flugbetrieb finden an allen Wochenenden und Feiertagen w\u00e4hrend der Flug-Saison statt, sodass einer Berufst\u00e4tigkeit nichts im Wege steht \ud83d\ude09<\/p>\n<h2>Kosten<\/h2>\n<p>F\u00fcr Sch\u00fcler und Studenten bieten wir bis zum Alter des Berufseinstieges verg\u00fcnstigte Mitglieds- und Ausbildungskonditionen an. Generell betr\u00e4gt die Aufnahmegeb\u00fchr pro Mitglied 500 EUR, wobei diese sich folgenderma\u00dfen staffelt und die Stufen jeweils nachzuzahlen sind:<\/p>\n<p>Bei Vereinseintritt unter 18 Jahren: 50 EUR<\/p>\n<p>bei werdender Vollj\u00e4hrigkeit: 200 EUR Nachzahlung<\/p>\n<p>bei Beendigung der Ausbildung\/ Studium: 250 EUR Nachzahlung<\/p>\n<p>so dass jedes Mitglied im Endeffekt im Laufe seiner Vereinsmitgliedschaft die vollst\u00e4ndige Aufnahmegeb\u00fchr entrichtet hat.<\/p>\n<p>Weiter betr\u00e4gt der Beitrag f\u00fcr Sch\u00fcler:<\/p>\n<p>Jahresbeitrag: 100 EUR<\/p>\n<p>Fluggeb\u00fchren: 18 EUR\/Std. Abrechnung minutengenau<\/p>\n<p>Startgeb\u00fchr: 5&nbsp;EUR\/Winde, 20 EUR Flugzeug-Schlepp<\/p>\n<p>Fluglehrer: kostenlos<\/p>\n<p>Allgemein kann man sagen, dass bis zum Scheinerwerb in 2 Jahren ca. 2.500 EUR an Kosten anfallen.<\/p>\n<h2>Ausbildungsdauer<\/h2>\n<p>Die Ausbildung erfordert bei konsequenter Aktivit\u00e4t etwa zwei Jahre, kann aber auch auf 4 Jahre gestreckt werden. Die endg\u00fcltige H\u00f6he der Kosten h\u00e4ngt nat\u00fcrlich von der Anzahl der Flugstunden ab. Generell fliegen unsere Flugsch\u00fcler weit mehr, als gesetzlich zur Ausbildung vorgeschrieben (die obig genannten Kosten ber\u00fccksichtigen dies bereits). Das bringt zum einem eine wesentlich h\u00f6here Sicherheit und Vertrautheit mit der Materie&#8230;und zum anderen nat\u00fcrlich auch Flugspass f\u00fcr die Sch\u00fcler. Viele dieser Fl\u00fcge werden sie als fortgeschrittene Flugsch\u00fcler im Alleinflug (ohne Lehrer an Bord) durchf\u00fchren.<\/p>\n<h2>Allgemein l\u00e4uft eine Ausbildung folgenderma\u00dfen ab:<\/h2>\n<p>Die Ausbildung beginnt im ersten Fr\u00fchjahr mit der praktischen Ausbildung am Flugplatz und dem Erlernen der fliegerischen und theoretischen Grundlagen, sowie Start- und Landung. Ziel ist der Alleinflug, der meistens dann im Sp\u00e4tsommer ansteht. Im Winter erfolgt der theoretische Unterricht incl. der beh\u00f6rdlichen Theorie-Pr\u00fcfungen. Im zweiten Jahr erfolgt die Streckenflugausbildung bis hin zur Pr\u00fcfungsreife, so dass die Sch\u00fcler dann im 2. Sommer mit einer praktischen Pr\u00fcfung den Segelflugschein erwerben k\u00f6nnen.<\/p>\n<p>Nach der Segelflugausbildung kann eine Erweiterung auf den Motorsegler vorgenommen werden. Hier sind etwa noch einmal 1000 EUR einzuplanen. Als Scheininhaber hat man aber auch wieder die M\u00f6glichkeit viele Rundfl\u00fcge, Flugzeugschlepps kostenlos durchzuf\u00fchren.<\/p>\n<p>Ein Segelflugschein ist \u00fcbrigens lebenslang g\u00fcltig und verf\u00e4llt nicht. Zum fliegen muss jedoch ein g\u00fcltiges gesundheitliches Tauglichkeitszeugnis, sowie 25 Starts innerhalb der letzen 24 Monate als Praxiserfahrung nachgewiesen werden.<\/p>\n<p>Im Winter&nbsp;organisieren&nbsp;wir Theorie-Lehrg\u00e4nge. Man kann diesen auch vor dem praktischem Ausbildungsbeginn absolvieren. Wenn man sich seiner Entscheidung sicher ist und unbedingt anfangen m\u00f6chte, k\u00f6nnten man im Prinzip dann damit schonmal starten.<\/p>\n<p>Da der Segelflugschein allerdings erst mit dem 16. Lebensjahr erworben werden kann, bringt ein theoretischer Einstieg vor der praktischen Saison keinen zeitlichen Vorteil und der Zeitrahmen von 4 Jahren l\u00e4uft dann bereits.<\/p>\n<p><a href=\"http:\/\/www.acr-fulda.de\/?page_id=285\" target=\"_blank\" rel=\"noopener\">Details zu den Formalit\u00e4ten der Segelflug-Ausbildung (Papierkram).<\/a><\/p>\n<h1>Theorie-Ausbildung<\/h1>\n<p>Wir veranstalten bei Bedarf von Januar bis M\u00e4rz einen Theorie-Lehrgang f\u00fcr Segelflugzeugf\u00fchrer.<\/p>\n<p><a href=\"http:\/\/www.acr-fulda.de\/?page_id=798\">Alle Informationen dazu hier &#8230;<\/a><\/p>\n<h1>Z\u00f6gere nicht, uns direkt anzumailen!<\/h1>\n<p>F\u00fcr weitere Fragen steht Dir auch gerne unser <a href=\"mailto:flugschule@acr-fulda.de?subject=Anfrage%20wegen%20Flugschein\">Jugendwart und Fluglehrer<\/a> zur Verf\u00fcgung. Anmeldeunterlagen, Geb\u00fchrenordnung, Vereinssatzung \u00fcbergeben wir Ihnen dann gerne bei einem pers\u00f6nlichen Gespr\u00e4ch. Hier lassen sich auch alle weiteren Fragen kl\u00e4ren. Es besteht auch die M\u00f6glichkeit eines kleinen Rundgangs durch die Flugzeughalle, soweit noch nicht bekannt. Im Winter sind die Flugzeuge jedoch zu Wartungszwecken abgebaut.<\/p>\n\n<div class=\"wpcf7 no-js\" id=\"wpcf7-f1132-o1\" lang=\"de-DE\" dir=\"ltr\" data-wpcf7-id=\"1132\">\n<div class=\"screen-reader-response\"><p role=\"status\" aria-live=\"polite\" aria-atomic=\"true\"><\/p> <ul><\/ul><\/div>\n<form action=\"\/index.php?rest_route=%2Fwp%2Fv2%2Fpages%2F39#wpcf7-f1132-o1\" method=\"post\" class=\"wpcf7-form init\" aria-label=\"Kontaktformular\" novalidate=\"novalidate\" data-status=\"init\">\n<fieldset class=\"hidden-fields-container\"><input type=\"hidden\" name=\"_wpcf7\" value=\"1132\" \/><input type=\"hidden\" name=\"_wpcf7_version\" value=\"6.1.4\" \/><input type=\"hidden\" name=\"_wpcf7_locale\" value=\"de_DE\" \/><input type=\"hidden\" name=\"_wpcf7_unit_tag\" value=\"wpcf7-f1132-o1\" \/><input type=\"hidden\" name=\"_wpcf7_container_post\" value=\"0\" \/><input type=\"hidden\" name=\"_wpcf7_posted_data_hash\" value=\"\" \/><input type=\"hidden\" name=\"_wpcf7_recaptcha_response\" value=\"\" \/>\n<\/fieldset>\n<p><label> Dein Name<br \/>\n<span class=\"wpcf7-form-control-wrap\" data-name=\"your-name\"><input size=\"40\" maxlength=\"400\" class=\"wpcf7-form-control wpcf7-text wpcf7-validates-as-required\" aria-required=\"true\" aria-invalid=\"false\" value=\"\" type=\"text\" name=\"your-name\" \/><\/span> <\/label>\n<\/p>\n<p><label> Deine E-Mail-Adresse<br \/>\n<span class=\"wpcf7-form-control-wrap\" data-name=\"your-email\"><input size=\"40\" maxlength=\"400\" class=\"wpcf7-form-control wpcf7-email wpcf7-validates-as-required wpcf7-text wpcf7-validates-as-email\" aria-required=\"true\" aria-invalid=\"false\" value=\"\" type=\"email\" name=\"your-email\" \/><\/span> <\/label>\n<\/p>\n<p>Ich interessiere mich prim\u00e4r f\u00fcr die Ausbildung zum<br \/>\n<span class=\"wpcf7-form-control-wrap\" data-name=\"radio-647\"><span class=\"wpcf7-form-control wpcf7-radio\"><span class=\"wpcf7-list-item first\"><label><input type=\"radio\" name=\"radio-647\" value=\"Segelflug-Pilot\" checked=\"checked\" \/><span class=\"wpcf7-list-item-label\">Segelflug-Pilot<\/span><\/label><\/span><span class=\"wpcf7-list-item last\"><label><input type=\"radio\" name=\"radio-647\" value=\"Motorsegler-Pilot\" \/><span class=\"wpcf7-list-item-label\">Motorsegler-Pilot<\/span><\/label><\/span><\/span><\/span>\n<\/p>\n<p>Alter<br \/>\n<span class=\"wpcf7-form-control-wrap\" data-name=\"radio-713\"><span class=\"wpcf7-form-control wpcf7-radio\"><span class=\"wpcf7-list-item first\"><label><input type=\"radio\" name=\"radio-713\" value=\"Unter 18\" checked=\"checked\" \/><span class=\"wpcf7-list-item-label\">Unter 18<\/span><\/label><\/span><span class=\"wpcf7-list-item last\"><label><input type=\"radio\" name=\"radio-713\" value=\"Vollj\u00e4hrig\" \/><span class=\"wpcf7-list-item-label\">Vollj\u00e4hrig<\/span><\/label><\/span><\/span><\/span>\n<\/p>\n<p><label> Betreff<br \/>\n<span class=\"wpcf7-form-control-wrap\" data-name=\"your-subject\"><input size=\"40\" maxlength=\"400\" class=\"wpcf7-form-control wpcf7-text wpcf7-validates-as-required\" aria-required=\"true\" aria-invalid=\"false\" value=\"Anfrage wegen Pilotenausbildung\" type=\"text\" name=\"your-subject\" \/><\/span> <\/label>\n<\/p>\n<p><label> Deine Nachricht (optional - Erz\u00e4hl uns was von Dir!)<br \/>\n<span class=\"wpcf7-form-control-wrap\" data-name=\"your-message\"><textarea cols=\"40\" rows=\"10\" maxlength=\"2000\" class=\"wpcf7-form-control wpcf7-textarea\" aria-invalid=\"false\" name=\"your-message\"><\/textarea><\/span> <\/label>\n<\/p>\n<p><input class=\"wpcf7-form-control wpcf7-submit has-spinner\" type=\"submit\" value=\"Senden\" \/>\n<\/p><p style=\"display: none !important;\" class=\"akismet-fields-container\" data-prefix=\"_wpcf7_ak_\"><label>&#916;<textarea name=\"_wpcf7_ak_hp_textarea\" cols=\"45\" rows=\"8\" maxlength=\"100\"><\/textarea><\/label><input type=\"hidden\" id=\"ak_js_1\" name=\"_wpcf7_ak_js\" value=\"133\"\/><script>document.getElementById( \"ak_js_1\" ).setAttribute( \"value\", ( new Date() ).getTime() );<\/script><\/p><div class=\"wpcf7-response-output\" aria-hidden=\"true\"><\/div>\n<\/form>\n<\/div>\n\n","protected":false},"excerpt":{"rendered":"<p>Vom Fu\u00dfg\u00e4nger zum Segelflug-Piloten Ab Anfang November haben wir unsere Winterpause. Die Flug-Saison beginnt&nbsp;in den ersten M\u00e4rzwochen, sofern das Wetter mitspielt. Aktuell haben wir eine sehr aktive Jugendgruppe von ca. 15 jungen Segelfliegern im Alter von 14-24 Jahren. Aber man muss kein Jugendlicher sein, um den Flugschein zu erwerben &#8230; &#8230; wenn der Traum zu [&hellip;]<\/p>\n","protected":false},"author":1,"featured_media":41,"parent":13,"menu_order":0,"comment_status":"open","ping_status":"open","template":"","meta":{"_acf_changed":false,"wikipediapreview_detectlinks":true,"ngg_post_thumbnail":0,"_mc_calendar":[],"footnotes":""},"class_list":["post-39","page","type-page","status-publish","has-post-thumbnail","czr-hentry"],"acf":[],"yoast_head":"<!-- This site is optimized with the Yoast SEO plugin v26.6 - https:\/\/yoast.com\/wordpress\/plugins\/seo\/ -->\n<title>Segelflugausbildung - Aeroclub Rh\u00f6n e.V. Fulda<\/title>\n<meta name=\"robots\" content=\"noindex, follow\" \/>\n<meta property=\"og:locale\" content=\"de_DE\" \/>\n<meta property=\"og:type\" content=\"article\" \/>\n<meta property=\"og:title\" content=\"Segelflugausbildung - Aeroclub Rh\u00f6n e.V. Fulda\" \/>\n<meta property=\"og:description\" content=\"Vom Fu\u00dfg\u00e4nger zum Segelflug-Piloten Ab Anfang November haben wir unsere Winterpause. Die Flug-Saison beginnt&nbsp;in den ersten M\u00e4rzwochen, sofern das Wetter mitspielt. Aktuell haben wir eine sehr aktive Jugendgruppe von ca. 15 jungen Segelfliegern im Alter von 14-24 Jahren. Aber man muss kein Jugendlicher sein, um den Flugschein zu erwerben &#8230; &#8230; wenn der Traum zu [&hellip;]\" \/>\n<meta property=\"og:url\" content=\"https:\/\/www.acr-fulda.de\/?page_id=39\" \/>\n<meta property=\"og:site_name\" content=\"Aeroclub Rh\u00f6n e.V. Fulda\" \/>\n<meta property=\"article:modified_time\" content=\"2022-12-24T12:56:14+00:00\" \/>\n<meta property=\"og:image\" content=\"https:\/\/www.acr-fulda.de\/wp-content\/uploads\/2015\/04\/20150403_132744-1024x576.jpg\" \/>\n\t<meta property=\"og:image:width\" content=\"1024\" \/>\n\t<meta property=\"og:image:height\" content=\"576\" \/>\n\t<meta property=\"og:image:type\" content=\"image\/jpeg\" \/>\n<meta name=\"twitter:card\" content=\"summary_large_image\" \/>\n<meta name=\"twitter:label1\" content=\"Gesch\u00e4tzte Lesezeit\" \/>\n\t<meta name=\"twitter:data1\" content=\"4\u00a0Minuten\" \/>\n<script type=\"application\/ld+json\" class=\"yoast-schema-graph\">{\"@context\":\"https:\/\/schema.org\",\"@graph\":[{\"@type\":\"WebPage\",\"@id\":\"https:\/\/www.acr-fulda.de\/?page_id=39\",\"url\":\"https:\/\/www.acr-fulda.de\/?page_id=39\",\"name\":\"Segelflugausbildung - Aeroclub Rh\u00f6n e.V. Fulda\",\"isPartOf\":{\"@id\":\"https:\/\/www.acr-fulda.de\/#website\"},\"primaryImageOfPage\":{\"@id\":\"https:\/\/www.acr-fulda.de\/?page_id=39#primaryimage\"},\"image\":{\"@id\":\"https:\/\/www.acr-fulda.de\/?page_id=39#primaryimage\"},\"thumbnailUrl\":\"https:\/\/www.acr-fulda.de\/wp-content\/uploads\/2015\/04\/20150403_132744.jpg\",\"datePublished\":\"2015-04-17T20:19:43+00:00\",\"dateModified\":\"2022-12-24T12:56:14+00:00\",\"breadcrumb\":{\"@id\":\"https:\/\/www.acr-fulda.de\/?page_id=39#breadcrumb\"},\"inLanguage\":\"de\",\"potentialAction\":[{\"@type\":\"ReadAction\",\"target\":[\"https:\/\/www.acr-fulda.de\/?page_id=39\"]}]},{\"@type\":\"ImageObject\",\"inLanguage\":\"de\",\"@id\":\"https:\/\/www.acr-fulda.de\/?page_id=39#primaryimage\",\"url\":\"https:\/\/www.acr-fulda.de\/wp-content\/uploads\/2015\/04\/20150403_132744.jpg\",\"contentUrl\":\"https:\/\/www.acr-fulda.de\/wp-content\/uploads\/2015\/04\/20150403_132744.jpg\",\"width\":4128,\"height\":2322},{\"@type\":\"BreadcrumbList\",\"@id\":\"https:\/\/www.acr-fulda.de\/?page_id=39#breadcrumb\",\"itemListElement\":[{\"@type\":\"ListItem\",\"position\":1,\"name\":\"Startseite\",\"item\":\"https:\/\/www.acr-fulda.de\/\"},{\"@type\":\"ListItem\",\"position\":2,\"name\":\"Flugschule\",\"item\":\"https:\/\/www.acr-fulda.de\/?page_id=13\"},{\"@type\":\"ListItem\",\"position\":3,\"name\":\"Segelflugausbildung\"}]},{\"@type\":\"WebSite\",\"@id\":\"https:\/\/www.acr-fulda.de\/#website\",\"url\":\"https:\/\/www.acr-fulda.de\/\",\"name\":\"Aeroclub Rh\u00f6n e.V. Fulda\",\"description\":\"Segelfliegen, Einf\u00fchrungsfl\u00fcge, Flugschule am  Stadtrand von Fulda\",\"publisher\":{\"@id\":\"https:\/\/www.acr-fulda.de\/#organization\"},\"potentialAction\":[{\"@type\":\"SearchAction\",\"target\":{\"@type\":\"EntryPoint\",\"urlTemplate\":\"https:\/\/www.acr-fulda.de\/?s={search_term_string}\"},\"query-input\":{\"@type\":\"PropertyValueSpecification\",\"valueRequired\":true,\"valueName\":\"search_term_string\"}}],\"inLanguage\":\"de\"},{\"@type\":\"Organization\",\"@id\":\"https:\/\/www.acr-fulda.de\/#organization\",\"name\":\"Aeroclub Rh\u00f6n e.V. Fulda\",\"url\":\"https:\/\/www.acr-fulda.de\/\",\"logo\":{\"@type\":\"ImageObject\",\"inLanguage\":\"de\",\"@id\":\"https:\/\/www.acr-fulda.de\/#\/schema\/logo\/image\/\",\"url\":\"https:\/\/i0.wp.com\/www.acr-fulda.de\/wp-content\/uploads\/2015\/11\/ACR-Logo_MASK-e1482574119922.png?fit=128%2C128&ssl=1\",\"contentUrl\":\"https:\/\/i0.wp.com\/www.acr-fulda.de\/wp-content\/uploads\/2015\/11\/ACR-Logo_MASK-e1482574119922.png?fit=128%2C128&ssl=1\",\"width\":128,\"height\":128,\"caption\":\"Aeroclub Rh\u00f6n e.V. Fulda\"},\"image\":{\"@id\":\"https:\/\/www.acr-fulda.de\/#\/schema\/logo\/image\/\"}}]}<\/script>\n<!-- \/ Yoast SEO plugin. -->","yoast_head_json":{"title":"Segelflugausbildung - Aeroclub Rh\u00f6n e.V. Fulda","robots":{"index":"noindex","follow":"follow"},"og_locale":"de_DE","og_type":"article","og_title":"Segelflugausbildung - Aeroclub Rh\u00f6n e.V. Fulda","og_description":"Vom Fu\u00dfg\u00e4nger zum Segelflug-Piloten Ab Anfang November haben wir unsere Winterpause. Die Flug-Saison beginnt&nbsp;in den ersten M\u00e4rzwochen, sofern das Wetter mitspielt. Aktuell haben wir eine sehr aktive Jugendgruppe von ca. 15 jungen Segelfliegern im Alter von 14-24 Jahren. Aber man muss kein Jugendlicher sein, um den Flugschein zu erwerben &#8230; &#8230; wenn der Traum zu [&hellip;]","og_url":"https:\/\/www.acr-fulda.de\/?page_id=39","og_site_name":"Aeroclub Rh\u00f6n e.V. Fulda","article_modified_time":"2022-12-24T12:56:14+00:00","og_image":[{"width":1024,"height":576,"url":"https:\/\/www.acr-fulda.de\/wp-content\/uploads\/2015\/04\/20150403_132744-1024x576.jpg","type":"image\/jpeg"}],"twitter_card":"summary_large_image","twitter_misc":{"Gesch\u00e4tzte Lesezeit":"4\u00a0Minuten"},"schema":{"@context":"https:\/\/schema.org","@graph":[{"@type":"WebPage","@id":"https:\/\/www.acr-fulda.de\/?page_id=39","url":"https:\/\/www.acr-fulda.de\/?page_id=39","name":"Segelflugausbildung - Aeroclub Rh\u00f6n e.V. Fulda","isPartOf":{"@id":"https:\/\/www.acr-fulda.de\/#website"},"primaryImageOfPage":{"@id":"https:\/\/www.acr-fulda.de\/?page_id=39#primaryimage"},"image":{"@id":"https:\/\/www.acr-fulda.de\/?page_id=39#primaryimage"},"thumbnailUrl":"https:\/\/www.acr-fulda.de\/wp-content\/uploads\/2015\/04\/20150403_132744.jpg","datePublished":"2015-04-17T20:19:43+00:00","dateModified":"2022-12-24T12:56:14+00:00","breadcrumb":{"@id":"https:\/\/www.acr-fulda.de\/?page_id=39#breadcrumb"},"inLanguage":"de","potentialAction":[{"@type":"ReadAction","target":["https:\/\/www.acr-fulda.de\/?page_id=39"]}]},{"@type":"ImageObject","inLanguage":"de","@id":"https:\/\/www.acr-fulda.de\/?page_id=39#primaryimage","url":"https:\/\/www.acr-fulda.de\/wp-content\/uploads\/2015\/04\/20150403_132744.jpg","contentUrl":"https:\/\/www.acr-fulda.de\/wp-content\/uploads\/2015\/04\/20150403_132744.jpg","width":4128,"height":2322},{"@type":"BreadcrumbList","@id":"https:\/\/www.acr-fulda.de\/?page_id=39#breadcrumb","itemListElement":[{"@type":"ListItem","position":1,"name":"Startseite","item":"https:\/\/www.acr-fulda.de\/"},{"@type":"ListItem","position":2,"name":"Flugschule","item":"https:\/\/www.acr-fulda.de\/?page_id=13"},{"@type":"ListItem","position":3,"name":"Segelflugausbildung"}]},{"@type":"WebSite","@id":"https:\/\/www.acr-fulda.de\/#website","url":"https:\/\/www.acr-fulda.de\/","name":"Aeroclub Rh\u00f6n e.V. Fulda","description":"Segelfliegen, Einf\u00fchrungsfl\u00fcge, Flugschule am  Stadtrand von Fulda","publisher":{"@id":"https:\/\/www.acr-fulda.de\/#organization"},"potentialAction":[{"@type":"SearchAction","target":{"@type":"EntryPoint","urlTemplate":"https:\/\/www.acr-fulda.de\/?s={search_term_string}"},"query-input":{"@type":"PropertyValueSpecification","valueRequired":true,"valueName":"search_term_string"}}],"inLanguage":"de"},{"@type":"Organization","@id":"https:\/\/www.acr-fulda.de\/#organization","name":"Aeroclub Rh\u00f6n e.V. Fulda","url":"https:\/\/www.acr-fulda.de\/","logo":{"@type":"ImageObject","inLanguage":"de","@id":"https:\/\/www.acr-fulda.de\/#\/schema\/logo\/image\/","url":"https:\/\/i0.wp.com\/www.acr-fulda.de\/wp-content\/uploads\/2015\/11\/ACR-Logo_MASK-e1482574119922.png?fit=128%2C128&ssl=1","contentUrl":"https:\/\/i0.wp.com\/www.acr-fulda.de\/wp-content\/uploads\/2015\/11\/ACR-Logo_MASK-e1482574119922.png?fit=128%2C128&ssl=1","width":128,"height":128,"caption":"Aeroclub Rh\u00f6n e.V. Fulda"},"image":{"@id":"https:\/\/www.acr-fulda.de\/#\/schema\/logo\/image\/"}}]}},"_links":{"self":[{"href":"https:\/\/www.acr-fulda.de\/index.php?rest_route=\/wp\/v2\/pages\/39","targetHints":{"allow":["GET"]}}],"collection":[{"href":"https:\/\/www.acr-fulda.de\/index.php?rest_route=\/wp\/v2\/pages"}],"about":[{"href":"https:\/\/www.acr-fulda.de\/index.php?rest_route=\/wp\/v2\/types\/page"}],"author":[{"embeddable":true,"href":"https:\/\/www.acr-fulda.de\/index.php?rest_route=\/wp\/v2\/users\/1"}],"replies":[{"embeddable":true,"href":"https:\/\/www.acr-fulda.de\/index.php?rest_route=%2Fwp%2Fv2%2Fcomments&post=39"}],"version-history":[{"count":11,"href":"https:\/\/www.acr-fulda.de\/index.php?rest_route=\/wp\/v2\/pages\/39\/revisions"}],"predecessor-version":[{"id":1278,"href":"https:\/\/www.acr-fulda.de\/index.php?rest_route=\/wp\/v2\/pages\/39\/revisions\/1278"}],"up":[{"embeddable":true,"href":"https:\/\/www.acr-fulda.de\/index.php?rest_route=\/wp\/v2\/pages\/13"}],"wp:featuredmedia":[{"embeddable":true,"href":"https:\/\/www.acr-fulda.de\/index.php?rest_route=\/wp\/v2\/media\/41"}],"wp:attachment":[{"href":"https:\/\/www.acr-fulda.de\/index.php?rest_route=%2Fwp%2Fv2%2Fmedia&parent=39"}],"curies":[{"name":"wp","href":"https:\/\/api.w.org\/{rel}","templated":true}]}}