{"id":1632,"date":"2024-12-19T19:16:52","date_gmt":"2024-12-19T18:16:52","guid":{"rendered":"https:\/\/www.acr-fulda.de\/?page_id=1632"},"modified":"2026-01-01T10:19:52","modified_gmt":"2026-01-01T09:19:52","slug":"weihnachtsgruesse-2024","status":"publish","type":"page","link":"https:\/\/www.acr-fulda.de\/?page_id=1632","title":{"rendered":"Weihnachtsgr\u00fc\u00dfe 2025"},"content":{"rendered":"\n<figure class=\"wp-block-image size-full\"><img loading=\"lazy\" decoding=\"async\" width=\"1536\" height=\"1024\" src=\"https:\/\/www.acr-fulda.de\/wp-content\/uploads\/2025\/12\/Weihnachtsgruesse-ACR-Fulda.png\" alt=\"\" class=\"wp-image-1764\" srcset=\"https:\/\/acr-fulda.de\/wp-content\/uploads\/2025\/12\/Weihnachtsgruesse-ACR-Fulda.png 1536w, https:\/\/acr-fulda.de\/wp-content\/uploads\/2025\/12\/Weihnachtsgruesse-ACR-Fulda-800x533.png 800w, https:\/\/acr-fulda.de\/wp-content\/uploads\/2025\/12\/Weihnachtsgruesse-ACR-Fulda-768x512.png 768w\" sizes=\"auto, (max-width: 1536px) 100vw, 1536px\" \/><\/figure>\n\n\n<p>&nbsp;<\/p>\n<h1>Liebe Mitglieder, Freunde und Unterst\u00fctzer unseres Segelflugvereins,<\/h1>\n<h2>der Aeroclub Rh\u00f6n e.V. Fulda m\u00f6chte Euch allen ein frohes Weihnachtsfest sowie einen guten Rutsch in das Jahr 2026 w\u00fcnschen.<\/h2>\n<p>&nbsp;<\/p>\n<p>Hinter uns liegt ein ereignisreiches Jahr, der Verein hat sein 75j\u00e4hriges Jubil\u00e4um sowie die offizielle Einweihung unserer neuen Flugzeughalle gefeiert. Diese Planungen haben uns viel abverlangt und nur durch zahlreiche Unterst\u00fctzungen ist es uns gelungen, dass dieses Event trotz des eher m\u00e4\u00dfigen Wetters als Erfolg verbucht werden konnte. Wir konnten zeigen, dass der Flugplatz sowie der Verein ein fester Bestandteil von Fulda sind und sich hieran auch in der Zukunft nichts \u00e4ndern soll. Dies wurde durch verschiedene lokale Presseberichte nochmals untermauert.<\/p>\n<p>Vielen Dank an dieser Stelle nochmals an alle Helferinnen und Helfer bei dieser Veranstaltung!<\/p>\n<p>&nbsp;<\/p>\n<p>Auch 2026 wird den Verein wieder vor neue Herausforderungen stellen. Der Hessentag steht bevor und damit einhergehend auch wieder eine, wenn auch dieses Mal nur f\u00fcr voraussichtlich zwei Monate andauernde, Verlagerung des Flugbetriebes. Hinzu kommen die Aufgaben in der Werkstatt, um das Fluggel\u00e4nde herum sowie b\u00fcrokratische und rechtliche H\u00fcrden, welche allesamt nicht weniger werden. All dieses werden wir auch k\u00fcnftig nur gemeinsam wuppen k\u00f6nnen. Gelingt es uns aber, diesen Zusammenhalt wie bei der Jubil\u00e4umsfeier weiter fortzusetzen, k\u00f6nnen wir zuversichtlich in die Zukunft blicken.<\/p>\n<p>In diesem Sinne freuen wir uns auf ein Wiedersehen in der Johannisau im neuen Jahr sowie eine erfolgreiche Flugsaison 2026.<\/p>\n<p>&nbsp;<\/p>\n<p>Mit freundlichen Gr\u00fc\u00dfen<\/p>\n<p>&nbsp;<\/p>\n<h2>Frohe Weihnachten und einen guten Rutsch ins neue Jahr w\u00fcnscht euch<\/h2>\n<h2>Euer Vorstand des Aero-Club Rh\u00f6n e. V. Fulda<\/h2>\n<p>&nbsp;<\/p>\n<h2 class=\"p1\" style=\"text-align: center;\">&nbsp;<\/h2>","protected":false},"excerpt":{"rendered":"<p>&nbsp; Liebe Mitglieder, Freunde und Unterst\u00fctzer unseres Segelflugvereins, der Aeroclub Rh\u00f6n e.V. Fulda m\u00f6chte Euch allen ein frohes Weihnachtsfest sowie einen guten Rutsch in das Jahr 2026 w\u00fcnschen. &nbsp; Hinter uns liegt ein ereignisreiches Jahr, der Verein hat sein 75j\u00e4hriges Jubil\u00e4um sowie die offizielle Einweihung unserer neuen Flugzeughalle gefeiert. Diese Planungen haben uns viel abverlangt [&hellip;]<\/p>\n","protected":false},"author":1,"featured_media":0,"parent":0,"menu_order":0,"comment_status":"closed","ping_status":"closed","template":"","meta":{"_acf_changed":false,"wikipediapreview_detectlinks":true,"ngg_post_thumbnail":0,"_mc_calendar":[],"footnotes":""},"class_list":["post-1632","page","type-page","status-publish","czr-hentry"],"acf":[],"yoast_head":"<!-- This site is optimized with the Yoast SEO plugin v26.6 - https:\/\/yoast.com\/wordpress\/plugins\/seo\/ -->\n<title>Weihnachtsgr\u00fc\u00dfe 2025 - Aeroclub Rh\u00f6n e.V. Fulda<\/title>\n<meta name=\"robots\" content=\"noindex, follow\" \/>\n<meta property=\"og:locale\" content=\"de_DE\" \/>\n<meta property=\"og:type\" content=\"article\" \/>\n<meta property=\"og:title\" content=\"Weihnachtsgr\u00fc\u00dfe 2025 - Aeroclub Rh\u00f6n e.V. Fulda\" \/>\n<meta property=\"og:description\" content=\"&nbsp; Liebe Mitglieder, Freunde und Unterst\u00fctzer unseres Segelflugvereins, der Aeroclub Rh\u00f6n e.V. Fulda m\u00f6chte Euch allen ein frohes Weihnachtsfest sowie einen guten Rutsch in das Jahr 2026 w\u00fcnschen. &nbsp; Hinter uns liegt ein ereignisreiches Jahr, der Verein hat sein 75j\u00e4hriges Jubil\u00e4um sowie die offizielle Einweihung unserer neuen Flugzeughalle gefeiert. Diese Planungen haben uns viel abverlangt [&hellip;]\" \/>\n<meta property=\"og:url\" content=\"https:\/\/www.acr-fulda.de\/?page_id=1632\" \/>\n<meta property=\"og:site_name\" content=\"Aeroclub Rh\u00f6n e.V. Fulda\" \/>\n<meta property=\"article:modified_time\" content=\"2026-01-01T09:19:52+00:00\" \/>\n<meta property=\"og:image\" content=\"https:\/\/acr-fulda.de\/wp-content\/uploads\/2025\/12\/Weihnachtsgruesse-ACR-Fulda.png\" \/>\n\t<meta property=\"og:image:width\" content=\"1536\" \/>\n\t<meta property=\"og:image:height\" content=\"1024\" \/>\n\t<meta property=\"og:image:type\" content=\"image\/png\" \/>\n<meta name=\"twitter:card\" content=\"summary_large_image\" \/>\n<meta name=\"twitter:label1\" content=\"Gesch\u00e4tzte Lesezeit\" \/>\n\t<meta name=\"twitter:data1\" content=\"2\u00a0Minuten\" \/>\n<script type=\"application\/ld+json\" class=\"yoast-schema-graph\">{\"@context\":\"https:\/\/schema.org\",\"@graph\":[{\"@type\":\"WebPage\",\"@id\":\"https:\/\/www.acr-fulda.de\/?page_id=1632\",\"url\":\"https:\/\/www.acr-fulda.de\/?page_id=1632\",\"name\":\"Weihnachtsgr\u00fc\u00dfe 2025 - Aeroclub Rh\u00f6n e.V. Fulda\",\"isPartOf\":{\"@id\":\"https:\/\/www.acr-fulda.de\/#website\"},\"primaryImageOfPage\":{\"@id\":\"https:\/\/www.acr-fulda.de\/?page_id=1632#primaryimage\"},\"image\":{\"@id\":\"https:\/\/www.acr-fulda.de\/?page_id=1632#primaryimage\"},\"thumbnailUrl\":\"https:\/\/www.acr-fulda.de\/wp-content\/uploads\/2025\/12\/Weihnachtsgruesse-ACR-Fulda.png\",\"datePublished\":\"2024-12-19T18:16:52+00:00\",\"dateModified\":\"2026-01-01T09:19:52+00:00\",\"breadcrumb\":{\"@id\":\"https:\/\/www.acr-fulda.de\/?page_id=1632#breadcrumb\"},\"inLanguage\":\"de\",\"potentialAction\":[{\"@type\":\"ReadAction\",\"target\":[\"https:\/\/www.acr-fulda.de\/?page_id=1632\"]}]},{\"@type\":\"ImageObject\",\"inLanguage\":\"de\",\"@id\":\"https:\/\/www.acr-fulda.de\/?page_id=1632#primaryimage\",\"url\":\"https:\/\/acr-fulda.de\/wp-content\/uploads\/2025\/12\/Weihnachtsgruesse-ACR-Fulda.png\",\"contentUrl\":\"https:\/\/acr-fulda.de\/wp-content\/uploads\/2025\/12\/Weihnachtsgruesse-ACR-Fulda.png\",\"width\":1536,\"height\":1024},{\"@type\":\"BreadcrumbList\",\"@id\":\"https:\/\/www.acr-fulda.de\/?page_id=1632#breadcrumb\",\"itemListElement\":[{\"@type\":\"ListItem\",\"position\":1,\"name\":\"Startseite\",\"item\":\"https:\/\/www.acr-fulda.de\/\"},{\"@type\":\"ListItem\",\"position\":2,\"name\":\"Weihnachtsgr\u00fc\u00dfe 2025\"}]},{\"@type\":\"WebSite\",\"@id\":\"https:\/\/www.acr-fulda.de\/#website\",\"url\":\"https:\/\/www.acr-fulda.de\/\",\"name\":\"Aeroclub Rh\u00f6n e.V. Fulda\",\"description\":\"Segelfliegen, Einf\u00fchrungsfl\u00fcge, Flugschule am  Stadtrand von Fulda\",\"publisher\":{\"@id\":\"https:\/\/www.acr-fulda.de\/#organization\"},\"potentialAction\":[{\"@type\":\"SearchAction\",\"target\":{\"@type\":\"EntryPoint\",\"urlTemplate\":\"https:\/\/www.acr-fulda.de\/?s={search_term_string}\"},\"query-input\":{\"@type\":\"PropertyValueSpecification\",\"valueRequired\":true,\"valueName\":\"search_term_string\"}}],\"inLanguage\":\"de\"},{\"@type\":\"Organization\",\"@id\":\"https:\/\/www.acr-fulda.de\/#organization\",\"name\":\"Aeroclub Rh\u00f6n e.V. Fulda\",\"url\":\"https:\/\/www.acr-fulda.de\/\",\"logo\":{\"@type\":\"ImageObject\",\"inLanguage\":\"de\",\"@id\":\"https:\/\/www.acr-fulda.de\/#\/schema\/logo\/image\/\",\"url\":\"https:\/\/i0.wp.com\/www.acr-fulda.de\/wp-content\/uploads\/2015\/11\/ACR-Logo_MASK-e1482574119922.png?fit=128%2C128&ssl=1\",\"contentUrl\":\"https:\/\/i0.wp.com\/www.acr-fulda.de\/wp-content\/uploads\/2015\/11\/ACR-Logo_MASK-e1482574119922.png?fit=128%2C128&ssl=1\",\"width\":128,\"height\":128,\"caption\":\"Aeroclub Rh\u00f6n e.V. Fulda\"},\"image\":{\"@id\":\"https:\/\/www.acr-fulda.de\/#\/schema\/logo\/image\/\"}}]}<\/script>\n<!-- \/ Yoast SEO plugin. -->","yoast_head_json":{"title":"Weihnachtsgr\u00fc\u00dfe 2025 - Aeroclub Rh\u00f6n e.V. Fulda","robots":{"index":"noindex","follow":"follow"},"og_locale":"de_DE","og_type":"article","og_title":"Weihnachtsgr\u00fc\u00dfe 2025 - Aeroclub Rh\u00f6n e.V. Fulda","og_description":"&nbsp; Liebe Mitglieder, Freunde und Unterst\u00fctzer unseres Segelflugvereins, der Aeroclub Rh\u00f6n e.V. Fulda m\u00f6chte Euch allen ein frohes Weihnachtsfest sowie einen guten Rutsch in das Jahr 2026 w\u00fcnschen. &nbsp; Hinter uns liegt ein ereignisreiches Jahr, der Verein hat sein 75j\u00e4hriges Jubil\u00e4um sowie die offizielle Einweihung unserer neuen Flugzeughalle gefeiert. Diese Planungen haben uns viel abverlangt [&hellip;]","og_url":"https:\/\/www.acr-fulda.de\/?page_id=1632","og_site_name":"Aeroclub Rh\u00f6n e.V. Fulda","article_modified_time":"2026-01-01T09:19:52+00:00","og_image":[{"width":1536,"height":1024,"url":"https:\/\/acr-fulda.de\/wp-content\/uploads\/2025\/12\/Weihnachtsgruesse-ACR-Fulda.png","type":"image\/png"}],"twitter_card":"summary_large_image","twitter_misc":{"Gesch\u00e4tzte Lesezeit":"2\u00a0Minuten"},"schema":{"@context":"https:\/\/schema.org","@graph":[{"@type":"WebPage","@id":"https:\/\/www.acr-fulda.de\/?page_id=1632","url":"https:\/\/www.acr-fulda.de\/?page_id=1632","name":"Weihnachtsgr\u00fc\u00dfe 2025 - Aeroclub Rh\u00f6n e.V. Fulda","isPartOf":{"@id":"https:\/\/www.acr-fulda.de\/#website"},"primaryImageOfPage":{"@id":"https:\/\/www.acr-fulda.de\/?page_id=1632#primaryimage"},"image":{"@id":"https:\/\/www.acr-fulda.de\/?page_id=1632#primaryimage"},"thumbnailUrl":"https:\/\/www.acr-fulda.de\/wp-content\/uploads\/2025\/12\/Weihnachtsgruesse-ACR-Fulda.png","datePublished":"2024-12-19T18:16:52+00:00","dateModified":"2026-01-01T09:19:52+00:00","breadcrumb":{"@id":"https:\/\/www.acr-fulda.de\/?page_id=1632#breadcrumb"},"inLanguage":"de","potentialAction":[{"@type":"ReadAction","target":["https:\/\/www.acr-fulda.de\/?page_id=1632"]}]},{"@type":"ImageObject","inLanguage":"de","@id":"https:\/\/www.acr-fulda.de\/?page_id=1632#primaryimage","url":"https:\/\/acr-fulda.de\/wp-content\/uploads\/2025\/12\/Weihnachtsgruesse-ACR-Fulda.png","contentUrl":"https:\/\/acr-fulda.de\/wp-content\/uploads\/2025\/12\/Weihnachtsgruesse-ACR-Fulda.png","width":1536,"height":1024},{"@type":"BreadcrumbList","@id":"https:\/\/www.acr-fulda.de\/?page_id=1632#breadcrumb","itemListElement":[{"@type":"ListItem","position":1,"name":"Startseite","item":"https:\/\/www.acr-fulda.de\/"},{"@type":"ListItem","position":2,"name":"Weihnachtsgr\u00fc\u00dfe 2025"}]},{"@type":"WebSite","@id":"https:\/\/www.acr-fulda.de\/#website","url":"https:\/\/www.acr-fulda.de\/","name":"Aeroclub Rh\u00f6n e.V. Fulda","description":"Segelfliegen, Einf\u00fchrungsfl\u00fcge, Flugschule am  Stadtrand von Fulda","publisher":{"@id":"https:\/\/www.acr-fulda.de\/#organization"},"potentialAction":[{"@type":"SearchAction","target":{"@type":"EntryPoint","urlTemplate":"https:\/\/www.acr-fulda.de\/?s={search_term_string}"},"query-input":{"@type":"PropertyValueSpecification","valueRequired":true,"valueName":"search_term_string"}}],"inLanguage":"de"},{"@type":"Organization","@id":"https:\/\/www.acr-fulda.de\/#organization","name":"Aeroclub Rh\u00f6n e.V. Fulda","url":"https:\/\/www.acr-fulda.de\/","logo":{"@type":"ImageObject","inLanguage":"de","@id":"https:\/\/www.acr-fulda.de\/#\/schema\/logo\/image\/","url":"https:\/\/i0.wp.com\/www.acr-fulda.de\/wp-content\/uploads\/2015\/11\/ACR-Logo_MASK-e1482574119922.png?fit=128%2C128&ssl=1","contentUrl":"https:\/\/i0.wp.com\/www.acr-fulda.de\/wp-content\/uploads\/2015\/11\/ACR-Logo_MASK-e1482574119922.png?fit=128%2C128&ssl=1","width":128,"height":128,"caption":"Aeroclub Rh\u00f6n e.V. Fulda"},"image":{"@id":"https:\/\/www.acr-fulda.de\/#\/schema\/logo\/image\/"}}]}},"_links":{"self":[{"href":"https:\/\/www.acr-fulda.de\/index.php?rest_route=\/wp\/v2\/pages\/1632","targetHints":{"allow":["GET"]}}],"collection":[{"href":"https:\/\/www.acr-fulda.de\/index.php?rest_route=\/wp\/v2\/pages"}],"about":[{"href":"https:\/\/www.acr-fulda.de\/index.php?rest_route=\/wp\/v2\/types\/page"}],"author":[{"embeddable":true,"href":"https:\/\/www.acr-fulda.de\/index.php?rest_route=\/wp\/v2\/users\/1"}],"replies":[{"embeddable":true,"href":"https:\/\/www.acr-fulda.de\/index.php?rest_route=%2Fwp%2Fv2%2Fcomments&post=1632"}],"version-history":[{"count":4,"href":"https:\/\/www.acr-fulda.de\/index.php?rest_route=\/wp\/v2\/pages\/1632\/revisions"}],"predecessor-version":[{"id":1768,"href":"https:\/\/www.acr-fulda.de\/index.php?rest_route=\/wp\/v2\/pages\/1632\/revisions\/1768"}],"wp:attachment":[{"href":"https:\/\/www.acr-fulda.de\/index.php?rest_route=%2Fwp%2Fv2%2Fmedia&parent=1632"}],"curies":[{"name":"wp","href":"https:\/\/api.w.org\/{rel}","templated":true}]}}